{"id":1120,"date":"2017-11-15T17:54:08","date_gmt":"2017-11-15T16:54:08","guid":{"rendered":"https:\/\/www.yannarthusbertrandphoto.com\/wp-content\/uploads\/2017\/10\/yab_vue_du_ciel.jpg"},"modified":"2017-11-15T17:54:22","modified_gmt":"2017-11-15T16:54:22","slug":"yab_vue_du_ciel","status":"inherit","type":"attachment","link":"https:\/\/www.yannarthusbertrandphoto.com\/fr\/biographie\/yab_vue_du_ciel\/","title":{"rendered":"yab_vue_du_ciel"},"author":1,"comment_status":"open","ping_status":"closed","template":"","meta":{"inline_featured_image":false},"yoast_head":"<!-- This site is optimized with the Yoast SEO plugin v19.10 - https:\/\/yoast.com\/wordpress\/plugins\/seo\/ -->\n<title>yab_vue_du_ciel - Yann Arthus-Bertrand<\/title>\n<meta name=\"robots\" content=\"index, follow, max-snippet:-1, max-image-preview:large, max-video-preview:-1\" \/>\n<link rel=\"canonical\" href=\"https:\/\/www.yannarthusbertrandphoto.com\/wp-content\/uploads\/2017\/10\/yab_vue_du_ciel.jpg\" \/>\n<meta property=\"og:locale\" content=\"fr_FR\" \/>\n<meta property=\"og:type\" content=\"article\" \/>\n<meta property=\"og:title\" content=\"yab_vue_du_ciel - Yann Arthus-Bertrand\" \/>\n<meta property=\"og:description\" content=\"Vu du Ciel, une s\u00e9rie documentaire dont chaque episode explore une probl\u00e9matique \u00e9cologique particuli\u00e8re.\u00a0\" \/>\n<meta property=\"og:url\" content=\"https:\/\/www.yannarthusbertrandphoto.com\/wp-content\/uploads\/2017\/10\/yab_vue_du_ciel.jpg\" \/>\n<meta property=\"og:site_name\" content=\"Yann Arthus-Bertrand\" \/>\n<meta property=\"article:publisher\" content=\"https:\/\/www.facebook.com\/Y.A.Bertrand\/\" \/>\n<meta property=\"article:modified_time\" content=\"2017-11-15T16:54:22+00:00\" \/>\n<meta property=\"og:image\" content=\"https:\/\/www.yannarthusbertrandphoto.com\/wp-content\/uploads\/2017\/10\/yab_vue_du_ciel.jpg\" \/>\n\t<meta property=\"og:image:width\" content=\"400\" \/>\n\t<meta property=\"og:image:height\" content=\"268\" \/>\n\t<meta property=\"og:image:type\" content=\"image\/jpeg\" \/>\n<meta name=\"twitter:card\" content=\"summary_large_image\" \/>\n<meta name=\"twitter:site\" content=\"@Yann_A_B\" \/>\n<script type=\"application\/ld+json\" class=\"yoast-schema-graph\">{\"@context\":\"https:\/\/schema.org\",\"@graph\":[{\"@type\":\"WebPage\",\"@id\":\"https:\/\/www.yannarthusbertrandphoto.com\/wp-content\/uploads\/2017\/10\/yab_vue_du_ciel.jpg\",\"url\":\"https:\/\/www.yannarthusbertrandphoto.com\/wp-content\/uploads\/2017\/10\/yab_vue_du_ciel.jpg\",\"name\":\"yab_vue_du_ciel - Yann Arthus-Bertrand\",\"isPartOf\":{\"@id\":\"https:\/\/www.yannarthusbertrandphoto.com\/fr\/#website\"},\"datePublished\":\"2017-11-15T16:54:08+00:00\",\"dateModified\":\"2017-11-15T16:54:22+00:00\",\"breadcrumb\":{\"@id\":\"https:\/\/www.yannarthusbertrandphoto.com\/wp-content\/uploads\/2017\/10\/yab_vue_du_ciel.jpg#breadcrumb\"},\"inLanguage\":\"fr-FR\",\"potentialAction\":[{\"@type\":\"ReadAction\",\"target\":[\"https:\/\/www.yannarthusbertrandphoto.com\/wp-content\/uploads\/2017\/10\/yab_vue_du_ciel.jpg\"]}]},{\"@type\":\"BreadcrumbList\",\"@id\":\"https:\/\/www.yannarthusbertrandphoto.com\/wp-content\/uploads\/2017\/10\/yab_vue_du_ciel.jpg#breadcrumb\",\"itemListElement\":[{\"@type\":\"ListItem\",\"position\":1,\"name\":\"Accueil\",\"item\":\"https:\/\/www.yannarthusbertrandphoto.com\/fr\/\"},{\"@type\":\"ListItem\",\"position\":2,\"name\":\"YAB\",\"item\":\"https:\/\/www.yannarthusbertrandphoto.com\/fr\/biographie\/\"},{\"@type\":\"ListItem\",\"position\":3,\"name\":\"yab_vue_du_ciel\"}]},{\"@type\":\"WebSite\",\"@id\":\"https:\/\/www.yannarthusbertrandphoto.com\/fr\/#website\",\"url\":\"https:\/\/www.yannarthusbertrandphoto.com\/fr\/\",\"name\":\"Yann Arthus-Bertrand\",\"description\":\"Site officiel d\u00e9di\u00e9 \u00e0 l\u2019\u0153uvre photographique de Yann Arthus-Bertrand\",\"publisher\":{\"@id\":\"https:\/\/www.yannarthusbertrandphoto.com\/fr\/#organization\"},\"potentialAction\":[{\"@type\":\"SearchAction\",\"target\":{\"@type\":\"EntryPoint\",\"urlTemplate\":\"https:\/\/www.yannarthusbertrandphoto.com\/fr\/?s={search_term_string}\"},\"query-input\":\"required name=search_term_string\"}],\"inLanguage\":\"fr-FR\"},{\"@type\":\"Organization\",\"@id\":\"https:\/\/www.yannarthusbertrandphoto.com\/fr\/#organization\",\"name\":\"Alfie Be\",\"url\":\"https:\/\/www.yannarthusbertrandphoto.com\/fr\/\",\"logo\":{\"@type\":\"ImageObject\",\"inLanguage\":\"fr-FR\",\"@id\":\"https:\/\/www.yannarthusbertrandphoto.com\/fr\/#\/schema\/logo\/image\/\",\"url\":\"https:\/\/www.yannarthusbertrandphoto.com\/wp-content\/uploads\/2018\/01\/yab_logo_black.svg\",\"contentUrl\":\"https:\/\/www.yannarthusbertrandphoto.com\/wp-content\/uploads\/2018\/01\/yab_logo_black.svg\",\"caption\":\"Alfie Be\"},\"image\":{\"@id\":\"https:\/\/www.yannarthusbertrandphoto.com\/fr\/#\/schema\/logo\/image\/\"},\"sameAs\":[\"https:\/\/www.instagram.com\/yannarthusbertrand\/\",\"https:\/\/www.youtube.com\/user\/yannarthusbertrand\",\"https:\/\/www.facebook.com\/Y.A.Bertrand\/\",\"https:\/\/twitter.com\/Yann_A_B\"]}]}<\/script>\n<!-- \/ Yoast SEO plugin. -->","yoast_head_json":{"title":"yab_vue_du_ciel - Yann Arthus-Bertrand","robots":{"index":"index","follow":"follow","max-snippet":"max-snippet:-1","max-image-preview":"max-image-preview:large","max-video-preview":"max-video-preview:-1"},"canonical":"https:\/\/www.yannarthusbertrandphoto.com\/wp-content\/uploads\/2017\/10\/yab_vue_du_ciel.jpg","og_locale":"fr_FR","og_type":"article","og_title":"yab_vue_du_ciel - Yann Arthus-Bertrand","og_description":"Vu du Ciel, une s\u00e9rie documentaire dont chaque episode explore une probl\u00e9matique \u00e9cologique particuli\u00e8re.\u00a0","og_url":"https:\/\/www.yannarthusbertrandphoto.com\/wp-content\/uploads\/2017\/10\/yab_vue_du_ciel.jpg","og_site_name":"Yann Arthus-Bertrand","article_publisher":"https:\/\/www.facebook.com\/Y.A.Bertrand\/","article_modified_time":"2017-11-15T16:54:22+00:00","og_image":[{"width":400,"height":268,"url":"https:\/\/www.yannarthusbertrandphoto.com\/wp-content\/uploads\/2017\/10\/yab_vue_du_ciel.jpg","type":"image\/jpeg"}],"twitter_card":"summary_large_image","twitter_site":"@Yann_A_B","schema":{"@context":"https:\/\/schema.org","@graph":[{"@type":"WebPage","@id":"https:\/\/www.yannarthusbertrandphoto.com\/wp-content\/uploads\/2017\/10\/yab_vue_du_ciel.jpg","url":"https:\/\/www.yannarthusbertrandphoto.com\/wp-content\/uploads\/2017\/10\/yab_vue_du_ciel.jpg","name":"yab_vue_du_ciel - Yann Arthus-Bertrand","isPartOf":{"@id":"https:\/\/www.yannarthusbertrandphoto.com\/fr\/#website"},"datePublished":"2017-11-15T16:54:08+00:00","dateModified":"2017-11-15T16:54:22+00:00","breadcrumb":{"@id":"https:\/\/www.yannarthusbertrandphoto.com\/wp-content\/uploads\/2017\/10\/yab_vue_du_ciel.jpg#breadcrumb"},"inLanguage":"fr-FR","potentialAction":[{"@type":"ReadAction","target":["https:\/\/www.yannarthusbertrandphoto.com\/wp-content\/uploads\/2017\/10\/yab_vue_du_ciel.jpg"]}]},{"@type":"BreadcrumbList","@id":"https:\/\/www.yannarthusbertrandphoto.com\/wp-content\/uploads\/2017\/10\/yab_vue_du_ciel.jpg#breadcrumb","itemListElement":[{"@type":"ListItem","position":1,"name":"Accueil","item":"https:\/\/www.yannarthusbertrandphoto.com\/fr\/"},{"@type":"ListItem","position":2,"name":"YAB","item":"https:\/\/www.yannarthusbertrandphoto.com\/fr\/biographie\/"},{"@type":"ListItem","position":3,"name":"yab_vue_du_ciel"}]},{"@type":"WebSite","@id":"https:\/\/www.yannarthusbertrandphoto.com\/fr\/#website","url":"https:\/\/www.yannarthusbertrandphoto.com\/fr\/","name":"Yann Arthus-Bertrand","description":"Site officiel d\u00e9di\u00e9 \u00e0 l\u2019\u0153uvre photographique de Yann Arthus-Bertrand","publisher":{"@id":"https:\/\/www.yannarthusbertrandphoto.com\/fr\/#organization"},"potentialAction":[{"@type":"SearchAction","target":{"@type":"EntryPoint","urlTemplate":"https:\/\/www.yannarthusbertrandphoto.com\/fr\/?s={search_term_string}"},"query-input":"required name=search_term_string"}],"inLanguage":"fr-FR"},{"@type":"Organization","@id":"https:\/\/www.yannarthusbertrandphoto.com\/fr\/#organization","name":"Alfie Be","url":"https:\/\/www.yannarthusbertrandphoto.com\/fr\/","logo":{"@type":"ImageObject","inLanguage":"fr-FR","@id":"https:\/\/www.yannarthusbertrandphoto.com\/fr\/#\/schema\/logo\/image\/","url":"https:\/\/www.yannarthusbertrandphoto.com\/wp-content\/uploads\/2018\/01\/yab_logo_black.svg","contentUrl":"https:\/\/www.yannarthusbertrandphoto.com\/wp-content\/uploads\/2018\/01\/yab_logo_black.svg","caption":"Alfie Be"},"image":{"@id":"https:\/\/www.yannarthusbertrandphoto.com\/fr\/#\/schema\/logo\/image\/"},"sameAs":["https:\/\/www.instagram.com\/yannarthusbertrand\/","https:\/\/www.youtube.com\/user\/yannarthusbertrand","https:\/\/www.facebook.com\/Y.A.Bertrand\/","https:\/\/twitter.com\/Yann_A_B"]}]}},"description":{"rendered":"<p class=\"attachment\"><a href='https:\/\/www.yannarthusbertrandphoto.com\/wp-content\/uploads\/2017\/10\/yab_vue_du_ciel.jpg'><img width=\"300\" height=\"300\" src=\"https:\/\/www.yannarthusbertrandphoto.com\/wp-content\/uploads\/2017\/10\/yab_vue_du_ciel-300x300.jpg\" class=\"attachment-medium size-medium\" alt=\"\" decoding=\"async\" loading=\"lazy\" srcset=\"https:\/\/www.yannarthusbertrandphoto.com\/wp-content\/uploads\/2017\/10\/yab_vue_du_ciel-300x300.jpg 300w, https:\/\/www.yannarthusbertrandphoto.com\/wp-content\/uploads\/2017\/10\/yab_vue_du_ciel-150x150.jpg 150w, https:\/\/www.yannarthusbertrandphoto.com\/wp-content\/uploads\/2017\/10\/yab_vue_du_ciel-1024x1024.jpg 1024w, https:\/\/www.yannarthusbertrandphoto.com\/wp-content\/uploads\/2017\/10\/yab_vue_du_ciel-100x100.jpg 100w, https:\/\/www.yannarthusbertrandphoto.com\/wp-content\/uploads\/2017\/10\/yab_vue_du_ciel-500x500.jpg 500w, https:\/\/www.yannarthusbertrandphoto.com\/wp-content\/uploads\/2017\/10\/yab_vue_du_ciel-1000x1000.jpg 1000w, https:\/\/www.yannarthusbertrandphoto.com\/wp-content\/uploads\/2017\/10\/yab_vue_du_ciel-2000x1340.jpg 2000w, https:\/\/www.yannarthusbertrandphoto.com\/wp-content\/uploads\/2017\/10\/yab_vue_du_ciel-3000x2009.jpg 3000w, https:\/\/www.yannarthusbertrandphoto.com\/wp-content\/uploads\/2017\/10\/yab_vue_du_ciel-2400x1608.jpg 2400w\" sizes=\"(max-width: 300px) 100vw, 300px\" itemprop=\"image\" \/><\/a><\/p>\n<p>Vu du Ciel, une s\u00e9rie documentaire dont chaque episode explore une probl\u00e9matique \u00e9cologique particuli\u00e8re.<\/p>\n"},"caption":{"rendered":"<p>Vu du Ciel, une s\u00e9rie documentaire dont chaque episode explore une probl\u00e9matique \u00e9cologique particuli\u00e8re.\u00a0<\/p>\n"},"alt_text":"","media_type":"image","mime_type":"image\/jpeg","media_details":{"width":400,"height":268,"file":"2017\/10\/yab_vue_du_ciel.jpg","sizes":{"thumbnail":{"file":"yab_vue_du_ciel-150x150.jpg","width":150,"height":150,"mime_type":"image\/jpeg","source_url":"https:\/\/www.yannarthusbertrandphoto.com\/wp-content\/uploads\/2017\/10\/yab_vue_du_ciel-150x150.jpg"},"medium":{"file":"yab_vue_du_ciel-300x300.jpg","width":300,"height":300,"mime_type":"image\/jpeg","source_url":"https:\/\/www.yannarthusbertrandphoto.com\/wp-content\/uploads\/2017\/10\/yab_vue_du_ciel-300x300.jpg"},"medium_large":{"file":"yab_vue_du_ciel-768x514.jpg","width":768,"height":514,"mime_type":"image\/jpeg","source_url":"https:\/\/www.yannarthusbertrandphoto.com\/wp-content\/uploads\/2017\/10\/yab_vue_du_ciel-768x514.jpg"},"large":{"file":"yab_vue_du_ciel-1024x1024.jpg","width":1024,"height":1024,"width_query":"1024","height_query":"1024","mime_type":"image\/jpeg","source_url":"https:\/\/www.yannarthusbertrandphoto.com\/wp-content\/uploads\/2017\/10\/yab_vue_du_ciel-1024x1024.jpg"},"big":{"file":"yab_vue_du_ciel-1200x804.jpg","width":1200,"height":804,"filesize":157387,"width_query":1200,"height_query":0,"mime_type":"image\/jpeg","source_url":"https:\/\/www.yannarthusbertrandphoto.com\/wp-content\/uploads\/2017\/10\/yab_vue_du_ciel-1200x804.jpg"},"bg_50":{"file":"yab_vue_du_ciel-2000x1340.jpg","width":2000,"height":1340,"filesize":353710,"width_query":2000,"height_query":0,"mime_type":"image\/jpeg","source_url":"https:\/\/www.yannarthusbertrandphoto.com\/wp-content\/uploads\/2017\/10\/yab_vue_du_ciel-2000x1340.jpg"},"bg_full":{"file":"yab_vue_du_ciel-2800x1876.jpg","width":2800,"height":1876,"filesize":607150,"width_query":2800,"height_query":0,"mime_type":"image\/jpeg","source_url":"https:\/\/www.yannarthusbertrandphoto.com\/wp-content\/uploads\/2017\/10\/yab_vue_du_ciel-2800x1876.jpg"},"bg_small":{"file":"yab_vue_du_ciel-960x643.jpg","width":960,"height":643,"filesize":101606,"width_query":960,"height_query":0,"mime_type":"image\/jpeg","source_url":"https:\/\/www.yannarthusbertrandphoto.com\/wp-content\/uploads\/2017\/10\/yab_vue_du_ciel-960x643.jpg"},"3000":{"file":"yab_vue_du_ciel-3000x2009.jpg","width":3000,"height":2009,"mime_type":"image\/jpeg","source_url":"https:\/\/www.yannarthusbertrandphoto.com\/wp-content\/uploads\/2017\/10\/yab_vue_du_ciel-3000x2009.jpg"},"2400":{"file":"yab_vue_du_ciel-2400x1608.jpg","width":2400,"height":1608,"mime_type":"image\/jpeg","source_url":"https:\/\/www.yannarthusbertrandphoto.com\/wp-content\/uploads\/2017\/10\/yab_vue_du_ciel-2400x1608.jpg"},"1800":{"file":"yab_vue_du_ciel-1800x1206.jpg","width":1800,"height":1206,"mime_type":"image\/jpeg","source_url":"https:\/\/www.yannarthusbertrandphoto.com\/wp-content\/uploads\/2017\/10\/yab_vue_du_ciel-1800x1206.jpg"},"1500":{"file":"yab_vue_du_ciel-1500x1004.jpg","width":1500,"height":1004,"mime_type":"image\/jpeg","source_url":"https:\/\/www.yannarthusbertrandphoto.com\/wp-content\/uploads\/2017\/10\/yab_vue_du_ciel-1500x1004.jpg"},"800":{"file":"yab_vue_du_ciel-800x536.jpg","width":800,"height":536,"mime_type":"image\/jpeg","source_url":"https:\/\/www.yannarthusbertrandphoto.com\/wp-content\/uploads\/2017\/10\/yab_vue_du_ciel-800x536.jpg"},"600":{"file":"yab_vue_du_ciel-600x402.jpg","width":600,"height":402,"mime_type":"image\/jpeg","source_url":"https:\/\/www.yannarthusbertrandphoto.com\/wp-content\/uploads\/2017\/10\/yab_vue_du_ciel-600x402.jpg"},"400":{"file":"yab_vue_du_ciel-400x268.jpg","width":400,"height":268,"mime_type":"image\/jpeg","source_url":"https:\/\/www.yannarthusbertrandphoto.com\/wp-content\/uploads\/2017\/10\/yab_vue_du_ciel-400x268.jpg"},"300":{"file":"yab_vue_du_ciel-300x201.jpg","width":300,"height":201,"mime_type":"image\/jpeg","source_url":"https:\/\/www.yannarthusbertrandphoto.com\/wp-content\/uploads\/2017\/10\/yab_vue_du_ciel-300x201.jpg"},"silder_crop":{"file":"yab_vue_du_ciel-486x324.jpg","width":486,"height":324,"mime_type":"image\/jpeg","source_url":"https:\/\/www.yannarthusbertrandphoto.com\/wp-content\/uploads\/2017\/10\/yab_vue_du_ciel-486x324.jpg"},"shop_thumbnail":{"file":"yab_vue_du_ciel-100x100.jpg","width":100,"height":100,"width_query":100,"height_query":100,"mime_type":"image\/jpeg","source_url":"https:\/\/www.yannarthusbertrandphoto.com\/wp-content\/uploads\/2017\/10\/yab_vue_du_ciel-100x100.jpg"},"shop_catalog":{"file":"yab_vue_du_ciel-500x500.jpg","width":500,"height":500,"mime_type":"image\/jpeg","source_url":"https:\/\/www.yannarthusbertrandphoto.com\/wp-content\/uploads\/2017\/10\/yab_vue_du_ciel-500x500.jpg"},"shop_single":{"file":"yab_vue_du_ciel-600x402.jpg","width":600,"height":402,"width_query":600,"height_query":0,"mime_type":"image\/jpeg","source_url":"https:\/\/www.yannarthusbertrandphoto.com\/wp-content\/uploads\/2017\/10\/yab_vue_du_ciel-600x402.jpg"},"Image Size 500x500":{"file":"yab_vue_du_ciel-500x500.jpg","width":500,"height":500,"mime_type":"image\/jpeg","source_url":"https:\/\/www.yannarthusbertrandphoto.com\/wp-content\/uploads\/2017\/10\/yab_vue_du_ciel-500x500.jpg"},"Image Size 500x500-@2x":{"file":"yab_vue_du_ciel-1000x1000.jpg","width":1000,"height":1000,"mime_type":"image\/jpeg","source_url":"https:\/\/www.yannarthusbertrandphoto.com\/wp-content\/uploads\/2017\/10\/yab_vue_du_ciel-1000x1000.jpg"},"oeuvre":{"file":"yab_vue_du_ciel-1024x682.jpg","width":1024,"height":682,"mime_type":"image\/jpeg","source_url":"https:\/\/www.yannarthusbertrandphoto.com\/wp-content\/uploads\/2017\/10\/yab_vue_du_ciel-1024x682.jpg"},"oeuvre-@2x":{"file":"yab_vue_du_ciel-2048x1364.jpg","width":2048,"height":1364,"mime_type":"image\/jpeg","source_url":"https:\/\/www.yannarthusbertrandphoto.com\/wp-content\/uploads\/2017\/10\/yab_vue_du_ciel-2048x1364.jpg"},"oeuvre-@mobile":{"file":"yab_vue_du_ciel-736x490.jpg","width":736,"height":490,"mime_type":"image\/jpeg","source_url":"https:\/\/www.yannarthusbertrandphoto.com\/wp-content\/uploads\/2017\/10\/yab_vue_du_ciel-736x490.jpg"},"600x99999":{"source_url":"https:\/\/www.yannarthusbertrandphoto.com\/wp-content\/uploads\/2017\/10\/yab_vue_du_ciel.jpg"},"full":{"file":"yab_vue_du_ciel.jpg","width":400,"height":268,"mime_type":"image\/jpeg","source_url":"https:\/\/www.yannarthusbertrandphoto.com\/wp-content\/uploads\/2017\/10\/yab_vue_du_ciel.jpg"}},"image_meta":{"aperture":"0","credit":"","camera":"","caption":"","created_timestamp":"0","copyright":"","focal_length":"0","iso":"0","shutter_speed":"0","title":"","orientation":"0","keywords":[]}},"post":16,"source_url":"https:\/\/www.yannarthusbertrandphoto.com\/wp-content\/uploads\/2017\/10\/yab_vue_du_ciel.jpg","_links":{"self":[{"href":"https:\/\/www.yannarthusbertrandphoto.com\/fr\/wp-json\/wp\/v2\/media\/1120"}],"collection":[{"href":"https:\/\/www.yannarthusbertrandphoto.com\/fr\/wp-json\/wp\/v2\/media"}],"about":[{"href":"https:\/\/www.yannarthusbertrandphoto.com\/fr\/wp-json\/wp\/v2\/types\/attachment"}],"author":[{"embeddable":true,"href":"https:\/\/www.yannarthusbertrandphoto.com\/fr\/wp-json\/wp\/v2\/users\/1"}],"replies":[{"embeddable":true,"href":"https:\/\/www.yannarthusbertrandphoto.com\/fr\/wp-json\/wp\/v2\/comments?post=1120"}]}}