{"id":13246,"date":"2018-04-25T18:44:33","date_gmt":"2018-04-25T16:44:33","guid":{"rendered":"https:\/\/www.yannarthusbertrandphoto.com\/wp-content\/uploads\/2018\/04\/yab_ethiopie_caravane_yann-arthus-bertrand-photographie.jpeg"},"modified":"2018-04-25T18:45:02","modified_gmt":"2018-04-25T16:45:02","slug":"caravane-de-sel-lac-karoum-danakil-ethiopie-14-06-n-40-20-e-human-the-movie","status":"inherit","type":"attachment","link":"https:\/\/www.yannarthusbertrandphoto.com\/fr\/?attachment_id=13246","title":{"rendered":"CARAVANE DE SEL, LAC KAROUM, DANAKIL, \u00c9THIOPIE (14\u00b0 06\u2019 N &#8211; 40\u00b0 20\u2019 E). \u00a9 HUMAN The Movie"},"author":7,"comment_status":"open","ping_status":"closed","template":"","meta":{"inline_featured_image":false},"yoast_head":"<!-- This site is optimized with the Yoast SEO plugin v19.10 - https:\/\/yoast.com\/wordpress\/plugins\/seo\/ -->\n<title>CARAVANE DE SEL, LAC KAROUM, DANAKIL, \u00c9THIOPIE (14\u00b0 06\u2019 N - 40\u00b0 20\u2019 E). \u00a9 HUMAN The Movie - Yann Arthus-Bertrand<\/title>\n<meta name=\"robots\" content=\"index, follow, max-snippet:-1, max-image-preview:large, max-video-preview:-1\" \/>\n<link rel=\"canonical\" href=\"https:\/\/www.yannarthusbertrandphoto.com\/wp-content\/uploads\/2018\/04\/yab_ethiopie_caravane_yann-arthus-bertrand-photographie.jpeg\" \/>\n<meta property=\"og:locale\" content=\"fr_FR\" \/>\n<meta property=\"og:type\" content=\"article\" \/>\n<meta property=\"og:title\" content=\"CARAVANE DE SEL, LAC KAROUM, DANAKIL, \u00c9THIOPIE (14\u00b0 06\u2019 N - 40\u00b0 20\u2019 E). \u00a9 HUMAN The Movie - Yann Arthus-Bertrand\" \/>\n<meta property=\"og:description\" content=\"Caravane du sel du lac Karoum, d\u00e9sert Danakil, r\u00e9gion Afar, Ethiopie (14\u00b006\u2019 N - 40\u00b020\u2019 E).\" \/>\n<meta property=\"og:url\" content=\"https:\/\/www.yannarthusbertrandphoto.com\/wp-content\/uploads\/2018\/04\/yab_ethiopie_caravane_yann-arthus-bertrand-photographie.jpeg\" \/>\n<meta property=\"og:site_name\" content=\"Yann Arthus-Bertrand\" \/>\n<meta property=\"article:publisher\" content=\"https:\/\/www.facebook.com\/Y.A.Bertrand\/\" \/>\n<meta property=\"article:modified_time\" content=\"2018-04-25T16:45:02+00:00\" \/>\n<meta property=\"og:image\" content=\"https:\/\/www.yannarthusbertrandphoto.com\/wp-content\/uploads\/2018\/04\/yab_ethiopie_caravane_yann-arthus-bertrand-photographie.jpeg\" \/>\n\t<meta property=\"og:image:width\" content=\"2000\" \/>\n\t<meta property=\"og:image:height\" content=\"1333\" \/>\n\t<meta property=\"og:image:type\" content=\"image\/jpeg\" \/>\n<meta name=\"twitter:card\" content=\"summary_large_image\" \/>\n<meta name=\"twitter:site\" content=\"@Yann_A_B\" \/>\n<script type=\"application\/ld+json\" class=\"yoast-schema-graph\">{\"@context\":\"https:\/\/schema.org\",\"@graph\":[{\"@type\":\"WebPage\",\"@id\":\"https:\/\/www.yannarthusbertrandphoto.com\/wp-content\/uploads\/2018\/04\/yab_ethiopie_caravane_yann-arthus-bertrand-photographie.jpeg\",\"url\":\"https:\/\/www.yannarthusbertrandphoto.com\/wp-content\/uploads\/2018\/04\/yab_ethiopie_caravane_yann-arthus-bertrand-photographie.jpeg\",\"name\":\"CARAVANE DE SEL, LAC KAROUM, DANAKIL, \u00c9THIOPIE (14\u00b0 06\u2019 N - 40\u00b0 20\u2019 E). \u00a9 HUMAN The Movie - Yann Arthus-Bertrand\",\"isPartOf\":{\"@id\":\"https:\/\/www.yannarthusbertrandphoto.com\/fr\/#website\"},\"datePublished\":\"2018-04-25T16:44:33+00:00\",\"dateModified\":\"2018-04-25T16:45:02+00:00\",\"breadcrumb\":{\"@id\":\"https:\/\/www.yannarthusbertrandphoto.com\/wp-content\/uploads\/2018\/04\/yab_ethiopie_caravane_yann-arthus-bertrand-photographie.jpeg#breadcrumb\"},\"inLanguage\":\"fr-FR\",\"potentialAction\":[{\"@type\":\"ReadAction\",\"target\":[\"https:\/\/www.yannarthusbertrandphoto.com\/wp-content\/uploads\/2018\/04\/yab_ethiopie_caravane_yann-arthus-bertrand-photographie.jpeg\"]}]},{\"@type\":\"BreadcrumbList\",\"@id\":\"https:\/\/www.yannarthusbertrandphoto.com\/wp-content\/uploads\/2018\/04\/yab_ethiopie_caravane_yann-arthus-bertrand-photographie.jpeg#breadcrumb\",\"itemListElement\":[{\"@type\":\"ListItem\",\"position\":1,\"name\":\"Accueil\",\"item\":\"https:\/\/www.yannarthusbertrandphoto.com\/fr\/\"},{\"@type\":\"ListItem\",\"position\":2,\"name\":\"Caravane\",\"item\":\"https:\/\/www.yannarthusbertrandphoto.com\/fr\/produit\/caravane-2\/\"},{\"@type\":\"ListItem\",\"position\":3,\"name\":\"CARAVANE DE SEL, LAC KAROUM, DANAKIL, \u00c9THIOPIE (14\u00b0 06\u2019 N &#8211; 40\u00b0 20\u2019 E). \u00a9 HUMAN The Movie\"}]},{\"@type\":\"WebSite\",\"@id\":\"https:\/\/www.yannarthusbertrandphoto.com\/fr\/#website\",\"url\":\"https:\/\/www.yannarthusbertrandphoto.com\/fr\/\",\"name\":\"Yann Arthus-Bertrand\",\"description\":\"Site officiel d\u00e9di\u00e9 \u00e0 l\u2019\u0153uvre photographique de Yann Arthus-Bertrand\",\"publisher\":{\"@id\":\"https:\/\/www.yannarthusbertrandphoto.com\/fr\/#organization\"},\"potentialAction\":[{\"@type\":\"SearchAction\",\"target\":{\"@type\":\"EntryPoint\",\"urlTemplate\":\"https:\/\/www.yannarthusbertrandphoto.com\/fr\/?s={search_term_string}\"},\"query-input\":\"required name=search_term_string\"}],\"inLanguage\":\"fr-FR\"},{\"@type\":\"Organization\",\"@id\":\"https:\/\/www.yannarthusbertrandphoto.com\/fr\/#organization\",\"name\":\"Alfie Be\",\"url\":\"https:\/\/www.yannarthusbertrandphoto.com\/fr\/\",\"logo\":{\"@type\":\"ImageObject\",\"inLanguage\":\"fr-FR\",\"@id\":\"https:\/\/www.yannarthusbertrandphoto.com\/fr\/#\/schema\/logo\/image\/\",\"url\":\"https:\/\/www.yannarthusbertrandphoto.com\/wp-content\/uploads\/2018\/01\/yab_logo_black.svg\",\"contentUrl\":\"https:\/\/www.yannarthusbertrandphoto.com\/wp-content\/uploads\/2018\/01\/yab_logo_black.svg\",\"caption\":\"Alfie Be\"},\"image\":{\"@id\":\"https:\/\/www.yannarthusbertrandphoto.com\/fr\/#\/schema\/logo\/image\/\"},\"sameAs\":[\"https:\/\/www.instagram.com\/yannarthusbertrand\/\",\"https:\/\/www.youtube.com\/user\/yannarthusbertrand\",\"https:\/\/www.facebook.com\/Y.A.Bertrand\/\",\"https:\/\/twitter.com\/Yann_A_B\"]}]}<\/script>\n<!-- \/ Yoast SEO plugin. -->","yoast_head_json":{"title":"CARAVANE DE SEL, LAC KAROUM, DANAKIL, \u00c9THIOPIE (14\u00b0 06\u2019 N - 40\u00b0 20\u2019 E). \u00a9 HUMAN The Movie - Yann Arthus-Bertrand","robots":{"index":"index","follow":"follow","max-snippet":"max-snippet:-1","max-image-preview":"max-image-preview:large","max-video-preview":"max-video-preview:-1"},"canonical":"https:\/\/www.yannarthusbertrandphoto.com\/wp-content\/uploads\/2018\/04\/yab_ethiopie_caravane_yann-arthus-bertrand-photographie.jpeg","og_locale":"fr_FR","og_type":"article","og_title":"CARAVANE DE SEL, LAC KAROUM, DANAKIL, \u00c9THIOPIE (14\u00b0 06\u2019 N - 40\u00b0 20\u2019 E). \u00a9 HUMAN The Movie - Yann Arthus-Bertrand","og_description":"Caravane du sel du lac Karoum, d\u00e9sert Danakil, r\u00e9gion Afar, Ethiopie (14\u00b006\u2019 N - 40\u00b020\u2019 E).","og_url":"https:\/\/www.yannarthusbertrandphoto.com\/wp-content\/uploads\/2018\/04\/yab_ethiopie_caravane_yann-arthus-bertrand-photographie.jpeg","og_site_name":"Yann Arthus-Bertrand","article_publisher":"https:\/\/www.facebook.com\/Y.A.Bertrand\/","article_modified_time":"2018-04-25T16:45:02+00:00","og_image":[{"width":2000,"height":1333,"url":"https:\/\/www.yannarthusbertrandphoto.com\/wp-content\/uploads\/2018\/04\/yab_ethiopie_caravane_yann-arthus-bertrand-photographie.jpeg","type":"image\/jpeg"}],"twitter_card":"summary_large_image","twitter_site":"@Yann_A_B","schema":{"@context":"https:\/\/schema.org","@graph":[{"@type":"WebPage","@id":"https:\/\/www.yannarthusbertrandphoto.com\/wp-content\/uploads\/2018\/04\/yab_ethiopie_caravane_yann-arthus-bertrand-photographie.jpeg","url":"https:\/\/www.yannarthusbertrandphoto.com\/wp-content\/uploads\/2018\/04\/yab_ethiopie_caravane_yann-arthus-bertrand-photographie.jpeg","name":"CARAVANE DE SEL, LAC KAROUM, DANAKIL, \u00c9THIOPIE (14\u00b0 06\u2019 N - 40\u00b0 20\u2019 E). \u00a9 HUMAN The Movie - Yann Arthus-Bertrand","isPartOf":{"@id":"https:\/\/www.yannarthusbertrandphoto.com\/fr\/#website"},"datePublished":"2018-04-25T16:44:33+00:00","dateModified":"2018-04-25T16:45:02+00:00","breadcrumb":{"@id":"https:\/\/www.yannarthusbertrandphoto.com\/wp-content\/uploads\/2018\/04\/yab_ethiopie_caravane_yann-arthus-bertrand-photographie.jpeg#breadcrumb"},"inLanguage":"fr-FR","potentialAction":[{"@type":"ReadAction","target":["https:\/\/www.yannarthusbertrandphoto.com\/wp-content\/uploads\/2018\/04\/yab_ethiopie_caravane_yann-arthus-bertrand-photographie.jpeg"]}]},{"@type":"BreadcrumbList","@id":"https:\/\/www.yannarthusbertrandphoto.com\/wp-content\/uploads\/2018\/04\/yab_ethiopie_caravane_yann-arthus-bertrand-photographie.jpeg#breadcrumb","itemListElement":[{"@type":"ListItem","position":1,"name":"Accueil","item":"https:\/\/www.yannarthusbertrandphoto.com\/fr\/"},{"@type":"ListItem","position":2,"name":"Caravane","item":"https:\/\/www.yannarthusbertrandphoto.com\/fr\/produit\/caravane-2\/"},{"@type":"ListItem","position":3,"name":"CARAVANE DE SEL, LAC KAROUM, DANAKIL, \u00c9THIOPIE (14\u00b0 06\u2019 N &#8211; 40\u00b0 20\u2019 E). \u00a9 HUMAN The Movie"}]},{"@type":"WebSite","@id":"https:\/\/www.yannarthusbertrandphoto.com\/fr\/#website","url":"https:\/\/www.yannarthusbertrandphoto.com\/fr\/","name":"Yann Arthus-Bertrand","description":"Site officiel d\u00e9di\u00e9 \u00e0 l\u2019\u0153uvre photographique de Yann Arthus-Bertrand","publisher":{"@id":"https:\/\/www.yannarthusbertrandphoto.com\/fr\/#organization"},"potentialAction":[{"@type":"SearchAction","target":{"@type":"EntryPoint","urlTemplate":"https:\/\/www.yannarthusbertrandphoto.com\/fr\/?s={search_term_string}"},"query-input":"required name=search_term_string"}],"inLanguage":"fr-FR"},{"@type":"Organization","@id":"https:\/\/www.yannarthusbertrandphoto.com\/fr\/#organization","name":"Alfie Be","url":"https:\/\/www.yannarthusbertrandphoto.com\/fr\/","logo":{"@type":"ImageObject","inLanguage":"fr-FR","@id":"https:\/\/www.yannarthusbertrandphoto.com\/fr\/#\/schema\/logo\/image\/","url":"https:\/\/www.yannarthusbertrandphoto.com\/wp-content\/uploads\/2018\/01\/yab_logo_black.svg","contentUrl":"https:\/\/www.yannarthusbertrandphoto.com\/wp-content\/uploads\/2018\/01\/yab_logo_black.svg","caption":"Alfie Be"},"image":{"@id":"https:\/\/www.yannarthusbertrandphoto.com\/fr\/#\/schema\/logo\/image\/"},"sameAs":["https:\/\/www.instagram.com\/yannarthusbertrand\/","https:\/\/www.youtube.com\/user\/yannarthusbertrand","https:\/\/www.facebook.com\/Y.A.Bertrand\/","https:\/\/twitter.com\/Yann_A_B"]}]}},"description":{"rendered":"<p class=\"attachment\"><a href='https:\/\/www.yannarthusbertrandphoto.com\/wp-content\/uploads\/2018\/04\/yab_ethiopie_caravane_yann-arthus-bertrand-photographie.jpeg'><img width=\"300\" height=\"200\" src=\"https:\/\/www.yannarthusbertrandphoto.com\/wp-content\/uploads\/2018\/04\/yab_ethiopie_caravane_yann-arthus-bertrand-photographie-300x200.jpeg\" class=\"attachment-medium size-medium\" alt=\"Caravane, Ethiopie - Yann Arthus-Bertrand Photographie\" decoding=\"async\" loading=\"lazy\" srcset=\"https:\/\/www.yannarthusbertrandphoto.com\/wp-content\/uploads\/2018\/04\/yab_ethiopie_caravane_yann-arthus-bertrand-photographie-300x200.jpeg 300w, https:\/\/www.yannarthusbertrandphoto.com\/wp-content\/uploads\/2018\/04\/yab_ethiopie_caravane_yann-arthus-bertrand-photographie-768x512.jpeg 768w, https:\/\/www.yannarthusbertrandphoto.com\/wp-content\/uploads\/2018\/04\/yab_ethiopie_caravane_yann-arthus-bertrand-photographie-1024x682.jpeg 1024w, https:\/\/www.yannarthusbertrandphoto.com\/wp-content\/uploads\/2018\/04\/yab_ethiopie_caravane_yann-arthus-bertrand-photographie-1200x799.jpeg 1200w, https:\/\/www.yannarthusbertrandphoto.com\/wp-content\/uploads\/2018\/04\/yab_ethiopie_caravane_yann-arthus-bertrand-photographie-2000x1333.jpeg 2000w, https:\/\/www.yannarthusbertrandphoto.com\/wp-content\/uploads\/2018\/04\/yab_ethiopie_caravane_yann-arthus-bertrand-photographie-960x639.jpeg 960w, https:\/\/www.yannarthusbertrandphoto.com\/wp-content\/uploads\/2018\/04\/yab_ethiopie_caravane_yann-arthus-bertrand-photographie-1800x1200.jpeg 1800w, https:\/\/www.yannarthusbertrandphoto.com\/wp-content\/uploads\/2018\/04\/yab_ethiopie_caravane_yann-arthus-bertrand-photographie-1500x1000.jpeg 1500w, https:\/\/www.yannarthusbertrandphoto.com\/wp-content\/uploads\/2018\/04\/yab_ethiopie_caravane_yann-arthus-bertrand-photographie-800x533.jpeg 800w, https:\/\/www.yannarthusbertrandphoto.com\/wp-content\/uploads\/2018\/04\/yab_ethiopie_caravane_yann-arthus-bertrand-photographie-600x399.jpeg 600w, https:\/\/www.yannarthusbertrandphoto.com\/wp-content\/uploads\/2018\/04\/yab_ethiopie_caravane_yann-arthus-bertrand-photographie-400x267.jpeg 400w, https:\/\/www.yannarthusbertrandphoto.com\/wp-content\/uploads\/2018\/04\/yab_ethiopie_caravane_yann-arthus-bertrand-photographie-486x324.jpeg 486w, https:\/\/www.yannarthusbertrandphoto.com\/wp-content\/uploads\/2018\/04\/yab_ethiopie_caravane_yann-arthus-bertrand-photographie-615x410.jpeg 615w, https:\/\/www.yannarthusbertrandphoto.com\/wp-content\/uploads\/2018\/04\/yab_ethiopie_caravane_yann-arthus-bertrand-photographie-736x490.jpeg 736w\" sizes=\"(max-width: 300px) 100vw, 300px\" itemprop=\"image\" \/><\/a><\/p>\n<p>Caravane du sel du lac Karoum, d\u00e9sert Danakil, r\u00e9gion Afar, Ethiopie (14\u00b006\u2019 N &#8211; 40\u00b020\u2019 E).<\/p>\n"},"caption":{"rendered":"<p>Caravane du sel du lac Karoum, d\u00e9sert Danakil, r\u00e9gion Afar, Ethiopie (14\u00b006\u2019 N &#8211; 40\u00b020\u2019 E).<\/p>\n"},"alt_text":"Caravane, Ethiopie - Yann Arthus-Bertrand Photographie","media_type":"image","mime_type":"image\/jpeg","media_details":{"width":2000,"height":1333,"file":"2018\/04\/yab_ethiopie_caravane_yann-arthus-bertrand-photographie.jpeg","sizes":{"thumbnail":{"file":"yab_ethiopie_caravane_yann-arthus-bertrand-photographie-150x150.jpeg","width":150,"height":150,"mime_type":"image\/jpeg","source_url":"https:\/\/www.yannarthusbertrandphoto.com\/wp-content\/uploads\/2018\/04\/yab_ethiopie_caravane_yann-arthus-bertrand-photographie-150x150.jpeg"},"medium":{"file":"yab_ethiopie_caravane_yann-arthus-bertrand-photographie-300x200.jpeg","width":300,"height":200,"width_query":"300","height_query":"300","mime_type":"image\/jpeg","source_url":"https:\/\/www.yannarthusbertrandphoto.com\/wp-content\/uploads\/2018\/04\/yab_ethiopie_caravane_yann-arthus-bertrand-photographie-300x200.jpeg"},"medium_large":{"file":"yab_ethiopie_caravane_yann-arthus-bertrand-photographie-768x512.jpeg","width":768,"height":512,"mime_type":"image\/jpeg","source_url":"https:\/\/www.yannarthusbertrandphoto.com\/wp-content\/uploads\/2018\/04\/yab_ethiopie_caravane_yann-arthus-bertrand-photographie-768x512.jpeg"},"large":{"file":"yab_ethiopie_caravane_yann-arthus-bertrand-photographie-1024x682.jpeg","width":1024,"height":682,"width_query":"1024","height_query":"1024","mime_type":"image\/jpeg","source_url":"https:\/\/www.yannarthusbertrandphoto.com\/wp-content\/uploads\/2018\/04\/yab_ethiopie_caravane_yann-arthus-bertrand-photographie-1024x682.jpeg"},"big":{"file":"yab_ethiopie_caravane_yann-arthus-bertrand-photographie-1200x799.jpeg","width":1200,"height":799,"filesize":324231,"width_query":1200,"height_query":0,"mime_type":"image\/jpeg","source_url":"https:\/\/www.yannarthusbertrandphoto.com\/wp-content\/uploads\/2018\/04\/yab_ethiopie_caravane_yann-arthus-bertrand-photographie-1200x799.jpeg"},"bg_50":{"file":"yab_ethiopie_caravane_yann-arthus-bertrand-photographie-2000x1333.jpeg","width":2000,"height":1333,"filesize":543347,"width_query":2000,"height_query":0,"mime_type":"image\/jpeg","source_url":"https:\/\/www.yannarthusbertrandphoto.com\/wp-content\/uploads\/2018\/04\/yab_ethiopie_caravane_yann-arthus-bertrand-photographie-2000x1333.jpeg"},"bg_small":{"file":"yab_ethiopie_caravane_yann-arthus-bertrand-photographie-960x639.jpeg","width":960,"height":639,"filesize":224198,"width_query":960,"height_query":0,"mime_type":"image\/jpeg","source_url":"https:\/\/www.yannarthusbertrandphoto.com\/wp-content\/uploads\/2018\/04\/yab_ethiopie_caravane_yann-arthus-bertrand-photographie-960x639.jpeg"},"1800":{"file":"yab_ethiopie_caravane_yann-arthus-bertrand-photographie-1800x1200.jpeg","width":1800,"height":1200,"mime_type":"image\/jpeg","source_url":"https:\/\/www.yannarthusbertrandphoto.com\/wp-content\/uploads\/2018\/04\/yab_ethiopie_caravane_yann-arthus-bertrand-photographie-1800x1200.jpeg"},"1500":{"file":"yab_ethiopie_caravane_yann-arthus-bertrand-photographie-1500x1000.jpeg","width":1500,"height":1000,"mime_type":"image\/jpeg","source_url":"https:\/\/www.yannarthusbertrandphoto.com\/wp-content\/uploads\/2018\/04\/yab_ethiopie_caravane_yann-arthus-bertrand-photographie-1500x1000.jpeg"},"800":{"file":"yab_ethiopie_caravane_yann-arthus-bertrand-photographie-800x533.jpeg","width":800,"height":533,"mime_type":"image\/jpeg","source_url":"https:\/\/www.yannarthusbertrandphoto.com\/wp-content\/uploads\/2018\/04\/yab_ethiopie_caravane_yann-arthus-bertrand-photographie-800x533.jpeg"},"600":{"file":"yab_ethiopie_caravane_yann-arthus-bertrand-photographie-600x400.jpeg","width":600,"height":400,"mime_type":"image\/jpeg","source_url":"https:\/\/www.yannarthusbertrandphoto.com\/wp-content\/uploads\/2018\/04\/yab_ethiopie_caravane_yann-arthus-bertrand-photographie-600x400.jpeg"},"400":{"file":"yab_ethiopie_caravane_yann-arthus-bertrand-photographie-400x267.jpeg","width":400,"height":267,"mime_type":"image\/jpeg","source_url":"https:\/\/www.yannarthusbertrandphoto.com\/wp-content\/uploads\/2018\/04\/yab_ethiopie_caravane_yann-arthus-bertrand-photographie-400x267.jpeg"},"300":{"file":"yab_ethiopie_caravane_yann-arthus-bertrand-photographie-300x200.jpeg","width":300,"height":200,"mime_type":"image\/jpeg","source_url":"https:\/\/www.yannarthusbertrandphoto.com\/wp-content\/uploads\/2018\/04\/yab_ethiopie_caravane_yann-arthus-bertrand-photographie-300x200.jpeg"},"silder_crop":{"file":"yab_ethiopie_caravane_yann-arthus-bertrand-photographie-486x324.jpeg","width":486,"height":324,"mime_type":"image\/jpeg","source_url":"https:\/\/www.yannarthusbertrandphoto.com\/wp-content\/uploads\/2018\/04\/yab_ethiopie_caravane_yann-arthus-bertrand-photographie-486x324.jpeg"},"silder_no_crop":{"file":"yab_ethiopie_caravane_yann-arthus-bertrand-photographie-486x324.jpeg","width":486,"height":324,"width_query":9999,"height_query":324,"mime_type":"image\/jpeg","source_url":"https:\/\/www.yannarthusbertrandphoto.com\/wp-content\/uploads\/2018\/04\/yab_ethiopie_caravane_yann-arthus-bertrand-photographie-486x324.jpeg"},"menu":{"file":"yab_ethiopie_caravane_yann-arthus-bertrand-photographie-615x410.jpeg","width":615,"height":410,"width_query":9999,"height_query":410,"mime_type":"image\/jpeg","source_url":"https:\/\/www.yannarthusbertrandphoto.com\/wp-content\/uploads\/2018\/04\/yab_ethiopie_caravane_yann-arthus-bertrand-photographie-615x410.jpeg"},"Image Size 500x500":{"file":"yab_ethiopie_caravane_yann-arthus-bertrand-photographie-500x500.jpeg","width":500,"height":500,"mime_type":"image\/jpeg","source_url":"https:\/\/www.yannarthusbertrandphoto.com\/wp-content\/uploads\/2018\/04\/yab_ethiopie_caravane_yann-arthus-bertrand-photographie-500x500.jpeg"},"Image Size 500x500-@2x":{"file":"yab_ethiopie_caravane_yann-arthus-bertrand-photographie-1000x1000.jpeg","width":1000,"height":1000,"mime_type":"image\/jpeg","source_url":"https:\/\/www.yannarthusbertrandphoto.com\/wp-content\/uploads\/2018\/04\/yab_ethiopie_caravane_yann-arthus-bertrand-photographie-1000x1000.jpeg"},"oeuvre":{"file":"yab_ethiopie_caravane_yann-arthus-bertrand-photographie-1024x682.jpeg","width":1024,"height":682,"mime_type":"image\/jpeg","source_url":"https:\/\/www.yannarthusbertrandphoto.com\/wp-content\/uploads\/2018\/04\/yab_ethiopie_caravane_yann-arthus-bertrand-photographie-1024x682.jpeg"},"oeuvre-@mobile":{"file":"yab_ethiopie_caravane_yann-arthus-bertrand-photographie-736x490.jpeg","width":736,"height":490,"mime_type":"image\/jpeg","source_url":"https:\/\/www.yannarthusbertrandphoto.com\/wp-content\/uploads\/2018\/04\/yab_ethiopie_caravane_yann-arthus-bertrand-photographie-736x490.jpeg"},"woocommerce_thumbnail":{"file":"yab_ethiopie_caravane_yann-arthus-bertrand-photographie-500x500.jpeg","width":500,"height":500,"uncropped":true,"mime_type":"image\/jpeg","source_url":"https:\/\/www.yannarthusbertrandphoto.com\/wp-content\/uploads\/2018\/04\/yab_ethiopie_caravane_yann-arthus-bertrand-photographie-500x500.jpeg"},"woocommerce_single":{"file":"yab_ethiopie_caravane_yann-arthus-bertrand-photographie-600x399.jpeg","width":600,"height":399,"filesize":98329,"width_query":600,"height_query":0,"mime_type":"image\/jpeg","source_url":"https:\/\/www.yannarthusbertrandphoto.com\/wp-content\/uploads\/2018\/04\/yab_ethiopie_caravane_yann-arthus-bertrand-photographie-600x399.jpeg"},"woocommerce_gallery_thumbnail":{"file":"yab_ethiopie_caravane_yann-arthus-bertrand-photographie-100x100.jpeg","width":100,"height":100,"mime_type":"image\/jpeg","source_url":"https:\/\/www.yannarthusbertrandphoto.com\/wp-content\/uploads\/2018\/04\/yab_ethiopie_caravane_yann-arthus-bertrand-photographie-100x100.jpeg"},"shop_catalog":{"file":"yab_ethiopie_caravane_yann-arthus-bertrand-photographie-500x500.jpeg","width":500,"height":500,"mime_type":"image\/jpeg","source_url":"https:\/\/www.yannarthusbertrandphoto.com\/wp-content\/uploads\/2018\/04\/yab_ethiopie_caravane_yann-arthus-bertrand-photographie-500x500.jpeg"},"shop_single":{"file":"yab_ethiopie_caravane_yann-arthus-bertrand-photographie-600x399.jpeg","width":600,"height":399,"width_query":600,"height_query":0,"mime_type":"image\/jpeg","source_url":"https:\/\/www.yannarthusbertrandphoto.com\/wp-content\/uploads\/2018\/04\/yab_ethiopie_caravane_yann-arthus-bertrand-photographie-600x399.jpeg"},"shop_thumbnail":{"file":"yab_ethiopie_caravane_yann-arthus-bertrand-photographie-100x100.jpeg","width":100,"height":100,"mime_type":"image\/jpeg","source_url":"https:\/\/www.yannarthusbertrandphoto.com\/wp-content\/uploads\/2018\/04\/yab_ethiopie_caravane_yann-arthus-bertrand-photographie-100x100.jpeg"},"266x266":{"file":"yab_ethiopie_caravane_yann-arthus-bertrand-photographie-266x266.jpeg","width":266,"height":266,"mime_type":"image\/jpeg","source_url":"https:\/\/www.yannarthusbertrandphoto.com\/wp-content\/uploads\/2018\/04\/yab_ethiopie_caravane_yann-arthus-bertrand-photographie-266x266.jpeg"},"600x99999":{"file":"yab_ethiopie_caravane_yann-arthus-bertrand-photographie-600x1333.jpeg","width":600,"height":1333,"filesize":232443,"mime_type":"image\/jpeg","source_url":"https:\/\/www.yannarthusbertrandphoto.com\/wp-content\/uploads\/2018\/04\/yab_ethiopie_caravane_yann-arthus-bertrand-photographie-600x1333.jpeg"},"full":{"file":"yab_ethiopie_caravane_yann-arthus-bertrand-photographie.jpeg","width":2000,"height":1333,"mime_type":"image\/jpeg","source_url":"https:\/\/www.yannarthusbertrandphoto.com\/wp-content\/uploads\/2018\/04\/yab_ethiopie_caravane_yann-arthus-bertrand-photographie.jpeg"}},"image_meta":{"aperture":"6.3","credit":"","camera":"Canon EOS-1D X","caption":"La d\u00e9pression du Danakil, ou Afar, est la r\u00e9gion la plus basse d\u2019Afrique en altitude. Ce d\u00e9sert sal\u00e9 est aussi le lieu o\u00f9 il fait le plus chaud sur Terre, avec des temp\u00e9ratures diurnes pouvant atteindre 50 degr\u00e9s Celsius. Le Danakil rec\u00e8le donc une richesse exploit\u00e9e depuis des mill\u00e9naires : le sel, extrait de mines \u00e0 ciel ouvert. D\u2019immenses caravanes de plusieurs centaines de dromadaires transportent cette ressource dans tout le pays, o\u00f9 le sel sert \u00e0 la conservation des aliments, \u00e0 la cuisine et occasionnellement de monnaie d\u2019\u00e9change.","created_timestamp":"1358143929","copyright":"\u00a9 HUMAN The Movie","focal_length":"560","iso":"500","shutter_speed":"0.001","title":"CARAVANE DE SEL, LAC KAROUM, DANAKIL, \u00c9THIOPIE (14\u00b0 06\u2019 N - 40\u00b0 20\u2019 E). \u00a9 HUMAN The Movie","orientation":"1","keywords":["HUMAN"]}},"post":13245,"source_url":"https:\/\/www.yannarthusbertrandphoto.com\/wp-content\/uploads\/2018\/04\/yab_ethiopie_caravane_yann-arthus-bertrand-photographie.jpeg","_links":{"self":[{"href":"https:\/\/www.yannarthusbertrandphoto.com\/fr\/wp-json\/wp\/v2\/media\/13246"}],"collection":[{"href":"https:\/\/www.yannarthusbertrandphoto.com\/fr\/wp-json\/wp\/v2\/media"}],"about":[{"href":"https:\/\/www.yannarthusbertrandphoto.com\/fr\/wp-json\/wp\/v2\/types\/attachment"}],"author":[{"embeddable":true,"href":"https:\/\/www.yannarthusbertrandphoto.com\/fr\/wp-json\/wp\/v2\/users\/7"}],"replies":[{"embeddable":true,"href":"https:\/\/www.yannarthusbertrandphoto.com\/fr\/wp-json\/wp\/v2\/comments?post=13246"}]}}