{"id":18413,"date":"2018-09-18T09:41:25","date_gmt":"2018-09-18T07:41:25","guid":{"rendered":"https:\/\/www.yannarthusbertrandphoto.com\/wp-content\/uploads\/2018\/09\/yab-scan-diapo-expo-lms-bruxelles-sept-2018-lac-magadi-petite-langue-grise-180820.jpg"},"modified":"2018-12-19T08:41:01","modified_gmt":"2018-12-19T07:41:01","slug":"yab-scan-diapo-expo-lms-bruxelles-sept-2018-lac-magadi-petite-langue-grise-180820-2","status":"inherit","type":"attachment","link":"https:\/\/www.yannarthusbertrandphoto.com\/fr\/yann-arthus-bertrand-photo\/yab-scan-diapo-expo-lms-bruxelles-sept-2018-lac-magadi-petite-langue-grise-180820-2\/","title":{"rendered":"Lac Magadi, Kenya &#8211; Yann Arthus-Bertrand Photo"},"author":7,"comment_status":"open","ping_status":"closed","template":"","meta":{"inline_featured_image":false},"yoast_head":"<!-- This site is optimized with the Yoast SEO plugin v19.10 - https:\/\/yoast.com\/wordpress\/plugins\/seo\/ -->\n<title>Lac Magadi, Kenya - Yann Arthus-Bertrand Photo - Yann Arthus-Bertrand<\/title>\n<meta name=\"robots\" content=\"index, follow, max-snippet:-1, max-image-preview:large, max-video-preview:-1\" \/>\n<link rel=\"canonical\" href=\"https:\/\/www.yannarthusbertrandphoto.com\/wp-content\/uploads\/2018\/09\/yab-scan-diapo-expo-lms-bruxelles-sept-2018-lac-magadi-petite-langue-grise-180820.jpg\" \/>\n<meta property=\"og:locale\" content=\"fr_FR\" \/>\n<meta property=\"og:type\" content=\"article\" \/>\n<meta property=\"og:title\" content=\"Lac Magadi, Kenya - Yann Arthus-Bertrand Photo - Yann Arthus-Bertrand\" \/>\n<meta property=\"og:description\" content=\"Formations minerales sur le lac Magadi, Kenya (1\u00b052\u2019 S - 36\u00b017\u2019 E).\" \/>\n<meta property=\"og:url\" content=\"https:\/\/www.yannarthusbertrandphoto.com\/wp-content\/uploads\/2018\/09\/yab-scan-diapo-expo-lms-bruxelles-sept-2018-lac-magadi-petite-langue-grise-180820.jpg\" \/>\n<meta property=\"og:site_name\" content=\"Yann Arthus-Bertrand\" \/>\n<meta property=\"article:publisher\" content=\"https:\/\/www.facebook.com\/Y.A.Bertrand\/\" \/>\n<meta property=\"article:modified_time\" content=\"2018-12-19T07:41:01+00:00\" \/>\n<meta property=\"og:image\" content=\"https:\/\/www.yannarthusbertrandphoto.com\/wp-content\/uploads\/2018\/09\/yab-scan-diapo-expo-lms-bruxelles-sept-2018-lac-magadi-petite-langue-grise-180820.jpg\" \/>\n\t<meta property=\"og:image:width\" content=\"2000\" \/>\n\t<meta property=\"og:image:height\" content=\"1333\" \/>\n\t<meta property=\"og:image:type\" content=\"image\/jpeg\" \/>\n<meta name=\"twitter:card\" content=\"summary_large_image\" \/>\n<meta name=\"twitter:site\" content=\"@Yann_A_B\" \/>\n<meta name=\"twitter:label1\" content=\"Dur\u00e9e de lecture estim\u00e9e\" \/>\n\t<meta name=\"twitter:data1\" content=\"1 minute\" \/>\n<script type=\"application\/ld+json\" class=\"yoast-schema-graph\">{\"@context\":\"https:\/\/schema.org\",\"@graph\":[{\"@type\":\"WebPage\",\"@id\":\"https:\/\/www.yannarthusbertrandphoto.com\/wp-content\/uploads\/2018\/09\/yab-scan-diapo-expo-lms-bruxelles-sept-2018-lac-magadi-petite-langue-grise-180820.jpg\",\"url\":\"https:\/\/www.yannarthusbertrandphoto.com\/wp-content\/uploads\/2018\/09\/yab-scan-diapo-expo-lms-bruxelles-sept-2018-lac-magadi-petite-langue-grise-180820.jpg\",\"name\":\"Lac Magadi, Kenya - Yann Arthus-Bertrand Photo - Yann Arthus-Bertrand\",\"isPartOf\":{\"@id\":\"https:\/\/www.yannarthusbertrandphoto.com\/fr\/#website\"},\"datePublished\":\"2018-09-18T07:41:25+00:00\",\"dateModified\":\"2018-12-19T07:41:01+00:00\",\"breadcrumb\":{\"@id\":\"https:\/\/www.yannarthusbertrandphoto.com\/wp-content\/uploads\/2018\/09\/yab-scan-diapo-expo-lms-bruxelles-sept-2018-lac-magadi-petite-langue-grise-180820.jpg#breadcrumb\"},\"inLanguage\":\"fr-FR\",\"potentialAction\":[{\"@type\":\"ReadAction\",\"target\":[\"https:\/\/www.yannarthusbertrandphoto.com\/wp-content\/uploads\/2018\/09\/yab-scan-diapo-expo-lms-bruxelles-sept-2018-lac-magadi-petite-langue-grise-180820.jpg\"]}]},{\"@type\":\"BreadcrumbList\",\"@id\":\"https:\/\/www.yannarthusbertrandphoto.com\/wp-content\/uploads\/2018\/09\/yab-scan-diapo-expo-lms-bruxelles-sept-2018-lac-magadi-petite-langue-grise-180820.jpg#breadcrumb\",\"itemListElement\":[{\"@type\":\"ListItem\",\"position\":1,\"name\":\"Accueil\",\"item\":\"https:\/\/www.yannarthusbertrandphoto.com\/fr\/\"},{\"@type\":\"ListItem\",\"position\":2,\"name\":\"Yann Arthus-Bertrand Photo\",\"item\":\"https:\/\/www.yannarthusbertrandphoto.com\/fr\/\"},{\"@type\":\"ListItem\",\"position\":3,\"name\":\"Lac Magadi, Kenya &#8211; Yann Arthus-Bertrand Photo\"}]},{\"@type\":\"WebSite\",\"@id\":\"https:\/\/www.yannarthusbertrandphoto.com\/fr\/#website\",\"url\":\"https:\/\/www.yannarthusbertrandphoto.com\/fr\/\",\"name\":\"Yann Arthus-Bertrand\",\"description\":\"Site officiel d\u00e9di\u00e9 \u00e0 l\u2019\u0153uvre photographique de Yann Arthus-Bertrand\",\"publisher\":{\"@id\":\"https:\/\/www.yannarthusbertrandphoto.com\/fr\/#organization\"},\"potentialAction\":[{\"@type\":\"SearchAction\",\"target\":{\"@type\":\"EntryPoint\",\"urlTemplate\":\"https:\/\/www.yannarthusbertrandphoto.com\/fr\/?s={search_term_string}\"},\"query-input\":\"required name=search_term_string\"}],\"inLanguage\":\"fr-FR\"},{\"@type\":\"Organization\",\"@id\":\"https:\/\/www.yannarthusbertrandphoto.com\/fr\/#organization\",\"name\":\"Alfie Be\",\"url\":\"https:\/\/www.yannarthusbertrandphoto.com\/fr\/\",\"logo\":{\"@type\":\"ImageObject\",\"inLanguage\":\"fr-FR\",\"@id\":\"https:\/\/www.yannarthusbertrandphoto.com\/fr\/#\/schema\/logo\/image\/\",\"url\":\"https:\/\/www.yannarthusbertrandphoto.com\/wp-content\/uploads\/2018\/01\/yab_logo_black.svg\",\"contentUrl\":\"https:\/\/www.yannarthusbertrandphoto.com\/wp-content\/uploads\/2018\/01\/yab_logo_black.svg\",\"caption\":\"Alfie Be\"},\"image\":{\"@id\":\"https:\/\/www.yannarthusbertrandphoto.com\/fr\/#\/schema\/logo\/image\/\"},\"sameAs\":[\"https:\/\/www.instagram.com\/yannarthusbertrand\/\",\"https:\/\/www.youtube.com\/user\/yannarthusbertrand\",\"https:\/\/www.facebook.com\/Y.A.Bertrand\/\",\"https:\/\/twitter.com\/Yann_A_B\"]}]}<\/script>\n<!-- \/ Yoast SEO plugin. -->","yoast_head_json":{"title":"Lac Magadi, Kenya - Yann Arthus-Bertrand Photo - Yann Arthus-Bertrand","robots":{"index":"index","follow":"follow","max-snippet":"max-snippet:-1","max-image-preview":"max-image-preview:large","max-video-preview":"max-video-preview:-1"},"canonical":"https:\/\/www.yannarthusbertrandphoto.com\/wp-content\/uploads\/2018\/09\/yab-scan-diapo-expo-lms-bruxelles-sept-2018-lac-magadi-petite-langue-grise-180820.jpg","og_locale":"fr_FR","og_type":"article","og_title":"Lac Magadi, Kenya - Yann Arthus-Bertrand Photo - Yann Arthus-Bertrand","og_description":"Formations minerales sur le lac Magadi, Kenya (1\u00b052\u2019 S - 36\u00b017\u2019 E).","og_url":"https:\/\/www.yannarthusbertrandphoto.com\/wp-content\/uploads\/2018\/09\/yab-scan-diapo-expo-lms-bruxelles-sept-2018-lac-magadi-petite-langue-grise-180820.jpg","og_site_name":"Yann Arthus-Bertrand","article_publisher":"https:\/\/www.facebook.com\/Y.A.Bertrand\/","article_modified_time":"2018-12-19T07:41:01+00:00","og_image":[{"width":2000,"height":1333,"url":"https:\/\/www.yannarthusbertrandphoto.com\/wp-content\/uploads\/2018\/09\/yab-scan-diapo-expo-lms-bruxelles-sept-2018-lac-magadi-petite-langue-grise-180820.jpg","type":"image\/jpeg"}],"twitter_card":"summary_large_image","twitter_site":"@Yann_A_B","twitter_misc":{"Dur\u00e9e de lecture estim\u00e9e":"1 minute"},"schema":{"@context":"https:\/\/schema.org","@graph":[{"@type":"WebPage","@id":"https:\/\/www.yannarthusbertrandphoto.com\/wp-content\/uploads\/2018\/09\/yab-scan-diapo-expo-lms-bruxelles-sept-2018-lac-magadi-petite-langue-grise-180820.jpg","url":"https:\/\/www.yannarthusbertrandphoto.com\/wp-content\/uploads\/2018\/09\/yab-scan-diapo-expo-lms-bruxelles-sept-2018-lac-magadi-petite-langue-grise-180820.jpg","name":"Lac Magadi, Kenya - Yann Arthus-Bertrand Photo - Yann Arthus-Bertrand","isPartOf":{"@id":"https:\/\/www.yannarthusbertrandphoto.com\/fr\/#website"},"datePublished":"2018-09-18T07:41:25+00:00","dateModified":"2018-12-19T07:41:01+00:00","breadcrumb":{"@id":"https:\/\/www.yannarthusbertrandphoto.com\/wp-content\/uploads\/2018\/09\/yab-scan-diapo-expo-lms-bruxelles-sept-2018-lac-magadi-petite-langue-grise-180820.jpg#breadcrumb"},"inLanguage":"fr-FR","potentialAction":[{"@type":"ReadAction","target":["https:\/\/www.yannarthusbertrandphoto.com\/wp-content\/uploads\/2018\/09\/yab-scan-diapo-expo-lms-bruxelles-sept-2018-lac-magadi-petite-langue-grise-180820.jpg"]}]},{"@type":"BreadcrumbList","@id":"https:\/\/www.yannarthusbertrandphoto.com\/wp-content\/uploads\/2018\/09\/yab-scan-diapo-expo-lms-bruxelles-sept-2018-lac-magadi-petite-langue-grise-180820.jpg#breadcrumb","itemListElement":[{"@type":"ListItem","position":1,"name":"Accueil","item":"https:\/\/www.yannarthusbertrandphoto.com\/fr\/"},{"@type":"ListItem","position":2,"name":"Yann Arthus-Bertrand Photo","item":"https:\/\/www.yannarthusbertrandphoto.com\/fr\/"},{"@type":"ListItem","position":3,"name":"Lac Magadi, Kenya &#8211; Yann Arthus-Bertrand Photo"}]},{"@type":"WebSite","@id":"https:\/\/www.yannarthusbertrandphoto.com\/fr\/#website","url":"https:\/\/www.yannarthusbertrandphoto.com\/fr\/","name":"Yann Arthus-Bertrand","description":"Site officiel d\u00e9di\u00e9 \u00e0 l\u2019\u0153uvre photographique de Yann Arthus-Bertrand","publisher":{"@id":"https:\/\/www.yannarthusbertrandphoto.com\/fr\/#organization"},"potentialAction":[{"@type":"SearchAction","target":{"@type":"EntryPoint","urlTemplate":"https:\/\/www.yannarthusbertrandphoto.com\/fr\/?s={search_term_string}"},"query-input":"required name=search_term_string"}],"inLanguage":"fr-FR"},{"@type":"Organization","@id":"https:\/\/www.yannarthusbertrandphoto.com\/fr\/#organization","name":"Alfie Be","url":"https:\/\/www.yannarthusbertrandphoto.com\/fr\/","logo":{"@type":"ImageObject","inLanguage":"fr-FR","@id":"https:\/\/www.yannarthusbertrandphoto.com\/fr\/#\/schema\/logo\/image\/","url":"https:\/\/www.yannarthusbertrandphoto.com\/wp-content\/uploads\/2018\/01\/yab_logo_black.svg","contentUrl":"https:\/\/www.yannarthusbertrandphoto.com\/wp-content\/uploads\/2018\/01\/yab_logo_black.svg","caption":"Alfie Be"},"image":{"@id":"https:\/\/www.yannarthusbertrandphoto.com\/fr\/#\/schema\/logo\/image\/"},"sameAs":["https:\/\/www.instagram.com\/yannarthusbertrand\/","https:\/\/www.youtube.com\/user\/yannarthusbertrand","https:\/\/www.facebook.com\/Y.A.Bertrand\/","https:\/\/twitter.com\/Yann_A_B"]}]}},"description":{"rendered":"<p class=\"attachment\"><a href='https:\/\/www.yannarthusbertrandphoto.com\/wp-content\/uploads\/2018\/09\/yab-scan-diapo-expo-lms-bruxelles-sept-2018-lac-magadi-petite-langue-grise-180820.jpg'><img width=\"300\" height=\"200\" src=\"https:\/\/www.yannarthusbertrandphoto.com\/wp-content\/uploads\/2018\/09\/yab-scan-diapo-expo-lms-bruxelles-sept-2018-lac-magadi-petite-langue-grise-180820-300x200.jpg\" class=\"attachment-medium size-medium\" alt=\"Lac Magadi, Kenya - Yann Arthus-Bertrand Photo\" decoding=\"async\" loading=\"lazy\" srcset=\"https:\/\/www.yannarthusbertrandphoto.com\/wp-content\/uploads\/2018\/09\/yab-scan-diapo-expo-lms-bruxelles-sept-2018-lac-magadi-petite-langue-grise-180820-300x200.jpg 300w, https:\/\/www.yannarthusbertrandphoto.com\/wp-content\/uploads\/2018\/09\/yab-scan-diapo-expo-lms-bruxelles-sept-2018-lac-magadi-petite-langue-grise-180820-768x512.jpg 768w, https:\/\/www.yannarthusbertrandphoto.com\/wp-content\/uploads\/2018\/09\/yab-scan-diapo-expo-lms-bruxelles-sept-2018-lac-magadi-petite-langue-grise-180820-1024x682.jpg 1024w, https:\/\/www.yannarthusbertrandphoto.com\/wp-content\/uploads\/2018\/09\/yab-scan-diapo-expo-lms-bruxelles-sept-2018-lac-magadi-petite-langue-grise-180820-1200x799.jpg 1200w, https:\/\/www.yannarthusbertrandphoto.com\/wp-content\/uploads\/2018\/09\/yab-scan-diapo-expo-lms-bruxelles-sept-2018-lac-magadi-petite-langue-grise-180820-2000x1333.jpg 2000w, https:\/\/www.yannarthusbertrandphoto.com\/wp-content\/uploads\/2018\/09\/yab-scan-diapo-expo-lms-bruxelles-sept-2018-lac-magadi-petite-langue-grise-180820-960x639.jpg 960w, https:\/\/www.yannarthusbertrandphoto.com\/wp-content\/uploads\/2018\/09\/yab-scan-diapo-expo-lms-bruxelles-sept-2018-lac-magadi-petite-langue-grise-180820-1800x1200.jpg 1800w, https:\/\/www.yannarthusbertrandphoto.com\/wp-content\/uploads\/2018\/09\/yab-scan-diapo-expo-lms-bruxelles-sept-2018-lac-magadi-petite-langue-grise-180820-1500x1000.jpg 1500w, https:\/\/www.yannarthusbertrandphoto.com\/wp-content\/uploads\/2018\/09\/yab-scan-diapo-expo-lms-bruxelles-sept-2018-lac-magadi-petite-langue-grise-180820-800x533.jpg 800w, https:\/\/www.yannarthusbertrandphoto.com\/wp-content\/uploads\/2018\/09\/yab-scan-diapo-expo-lms-bruxelles-sept-2018-lac-magadi-petite-langue-grise-180820-600x399.jpg 600w, https:\/\/www.yannarthusbertrandphoto.com\/wp-content\/uploads\/2018\/09\/yab-scan-diapo-expo-lms-bruxelles-sept-2018-lac-magadi-petite-langue-grise-180820-400x267.jpg 400w, https:\/\/www.yannarthusbertrandphoto.com\/wp-content\/uploads\/2018\/09\/yab-scan-diapo-expo-lms-bruxelles-sept-2018-lac-magadi-petite-langue-grise-180820-486x324.jpg 486w, https:\/\/www.yannarthusbertrandphoto.com\/wp-content\/uploads\/2018\/09\/yab-scan-diapo-expo-lms-bruxelles-sept-2018-lac-magadi-petite-langue-grise-180820-615x410.jpg 615w, https:\/\/www.yannarthusbertrandphoto.com\/wp-content\/uploads\/2018\/09\/yab-scan-diapo-expo-lms-bruxelles-sept-2018-lac-magadi-petite-langue-grise-180820-736x490.jpg 736w, https:\/\/www.yannarthusbertrandphoto.com\/wp-content\/uploads\/2018\/09\/yab-scan-diapo-expo-lms-bruxelles-sept-2018-lac-magadi-petite-langue-grise-180820-621x414.jpg 621w, https:\/\/www.yannarthusbertrandphoto.com\/wp-content\/uploads\/2018\/09\/yab-scan-diapo-expo-lms-bruxelles-sept-2018-lac-magadi-petite-langue-grise-180820-2048x1364.jpg 2048w\" sizes=\"(max-width: 300px) 100vw, 300px\" itemprop=\"image\" \/><\/a><\/p>\n<p>Situ\u00e9 sur la faille de la Rift\u00a0Valley, le lac\u00a0Magadi contient une exceptionnelle concentration de soude caustique, produite naturellement par la transformation des s\u00e9diments au contact des eaux de ruissellement et des laves en fusion sous le lac. Cette concentration est si forte et la profondeur du lac si faible, qu\u2019une \u00e9paisse cro\u00fbte de cristaux de soude le recouvre en partie, ce qui a permis l\u2019installation de la plus ancienne exploitation mini\u00e8re du Kenya, la Magadi Soda Company, au d\u00e9but du si\u00e8cle. <\/p>\n<p>Autrefois l\u2019eau de ce lac \u00e9tait douce (comme l\u2019est encore celle des lacs voisins Naivasha ou Baringo). Il \u00e9tait peupl\u00e9 d\u2019hippopotames, de crocodiles et de poissons. Aujourd\u2019hui, seule subsiste une faune limit\u00e9e de poissons microscopiques et des algues primitives qui attirent les flamants. L\u2019abondance de soude constitue un danger pour ces derniers. Quand il ne pleut pas suffisamment, le lac s\u2019ass\u00e8che et l\u2019eau qui subsiste se transforme en une \u00e9paisse gel\u00e9e de soude qui se cristallise autour des pattes des poussins, sauv\u00e9s par la seule intervention des \u00e9quipes du Service des parcs nationaux. Les transformations de la plan\u00e8te ne sont pas caus\u00e9es seulement par l\u2019homme, cet apprenti sorcier, mais aussi par une dynamique autonome o\u00f9 les volcans jouent comme ici un r\u00f4le essentiel.<\/p>\n"},"caption":{"rendered":"<p>Formations minerales sur le lac Magadi, Kenya (1\u00b052\u2019 S &#8211; 36\u00b017\u2019 E).<\/p>\n"},"alt_text":"Lac Magadi, Kenya - Yann Arthus-Bertrand Photo","media_type":"image","mime_type":"image\/jpeg","media_details":{"width":2000,"height":1333,"file":"2018\/09\/yab-scan-diapo-expo-lms-bruxelles-sept-2018-lac-magadi-petite-langue-grise-180820.jpg","sizes":{"thumbnail":{"file":"yab-scan-diapo-expo-lms-bruxelles-sept-2018-lac-magadi-petite-langue-grise-180820-150x150.jpg","width":150,"height":150,"mime_type":"image\/jpeg","source_url":"https:\/\/www.yannarthusbertrandphoto.com\/wp-content\/uploads\/2018\/09\/yab-scan-diapo-expo-lms-bruxelles-sept-2018-lac-magadi-petite-langue-grise-180820-150x150.jpg"},"medium":{"file":"yab-scan-diapo-expo-lms-bruxelles-sept-2018-lac-magadi-petite-langue-grise-180820-300x200.jpg","width":300,"height":200,"width_query":"300","height_query":"300","mime_type":"image\/jpeg","source_url":"https:\/\/www.yannarthusbertrandphoto.com\/wp-content\/uploads\/2018\/09\/yab-scan-diapo-expo-lms-bruxelles-sept-2018-lac-magadi-petite-langue-grise-180820-300x200.jpg"},"medium_large":{"file":"yab-scan-diapo-expo-lms-bruxelles-sept-2018-lac-magadi-petite-langue-grise-180820-768x512.jpg","width":768,"height":512,"mime_type":"image\/jpeg","source_url":"https:\/\/www.yannarthusbertrandphoto.com\/wp-content\/uploads\/2018\/09\/yab-scan-diapo-expo-lms-bruxelles-sept-2018-lac-magadi-petite-langue-grise-180820-768x512.jpg"},"large":{"file":"yab-scan-diapo-expo-lms-bruxelles-sept-2018-lac-magadi-petite-langue-grise-180820-1024x682.jpg","width":1024,"height":682,"width_query":"1024","height_query":"1024","mime_type":"image\/jpeg","source_url":"https:\/\/www.yannarthusbertrandphoto.com\/wp-content\/uploads\/2018\/09\/yab-scan-diapo-expo-lms-bruxelles-sept-2018-lac-magadi-petite-langue-grise-180820-1024x682.jpg"},"big":{"file":"yab-scan-diapo-expo-lms-bruxelles-sept-2018-lac-magadi-petite-langue-grise-180820-1200x799.jpg","width":1200,"height":799,"filesize":33801,"width_query":1200,"height_query":0,"mime_type":"image\/jpeg","source_url":"https:\/\/www.yannarthusbertrandphoto.com\/wp-content\/uploads\/2018\/09\/yab-scan-diapo-expo-lms-bruxelles-sept-2018-lac-magadi-petite-langue-grise-180820-1200x799.jpg"},"bg_50":{"file":"yab-scan-diapo-expo-lms-bruxelles-sept-2018-lac-magadi-petite-langue-grise-180820-2000x1333.jpg","width":2000,"height":1333,"filesize":96545,"width_query":2000,"height_query":0,"mime_type":"image\/jpeg","source_url":"https:\/\/www.yannarthusbertrandphoto.com\/wp-content\/uploads\/2018\/09\/yab-scan-diapo-expo-lms-bruxelles-sept-2018-lac-magadi-petite-langue-grise-180820-2000x1333.jpg"},"bg_small":{"file":"yab-scan-diapo-expo-lms-bruxelles-sept-2018-lac-magadi-petite-langue-grise-180820-960x639.jpg","width":960,"height":639,"filesize":22311,"width_query":960,"height_query":0,"mime_type":"image\/jpeg","source_url":"https:\/\/www.yannarthusbertrandphoto.com\/wp-content\/uploads\/2018\/09\/yab-scan-diapo-expo-lms-bruxelles-sept-2018-lac-magadi-petite-langue-grise-180820-960x639.jpg"},"1800":{"file":"yab-scan-diapo-expo-lms-bruxelles-sept-2018-lac-magadi-petite-langue-grise-180820-1800x1200.jpg","width":1800,"height":1200,"mime_type":"image\/jpeg","source_url":"https:\/\/www.yannarthusbertrandphoto.com\/wp-content\/uploads\/2018\/09\/yab-scan-diapo-expo-lms-bruxelles-sept-2018-lac-magadi-petite-langue-grise-180820-1800x1200.jpg"},"1500":{"file":"yab-scan-diapo-expo-lms-bruxelles-sept-2018-lac-magadi-petite-langue-grise-180820-1500x1000.jpg","width":1500,"height":1000,"mime_type":"image\/jpeg","source_url":"https:\/\/www.yannarthusbertrandphoto.com\/wp-content\/uploads\/2018\/09\/yab-scan-diapo-expo-lms-bruxelles-sept-2018-lac-magadi-petite-langue-grise-180820-1500x1000.jpg"},"800":{"file":"yab-scan-diapo-expo-lms-bruxelles-sept-2018-lac-magadi-petite-langue-grise-180820-800x533.jpg","width":800,"height":533,"mime_type":"image\/jpeg","source_url":"https:\/\/www.yannarthusbertrandphoto.com\/wp-content\/uploads\/2018\/09\/yab-scan-diapo-expo-lms-bruxelles-sept-2018-lac-magadi-petite-langue-grise-180820-800x533.jpg"},"600":{"file":"yab-scan-diapo-expo-lms-bruxelles-sept-2018-lac-magadi-petite-langue-grise-180820-600x400.jpg","width":600,"height":400,"mime_type":"image\/jpeg","source_url":"https:\/\/www.yannarthusbertrandphoto.com\/wp-content\/uploads\/2018\/09\/yab-scan-diapo-expo-lms-bruxelles-sept-2018-lac-magadi-petite-langue-grise-180820-600x400.jpg"},"400":{"file":"yab-scan-diapo-expo-lms-bruxelles-sept-2018-lac-magadi-petite-langue-grise-180820-400x267.jpg","width":400,"height":267,"mime_type":"image\/jpeg","source_url":"https:\/\/www.yannarthusbertrandphoto.com\/wp-content\/uploads\/2018\/09\/yab-scan-diapo-expo-lms-bruxelles-sept-2018-lac-magadi-petite-langue-grise-180820-400x267.jpg"},"300":{"file":"yab-scan-diapo-expo-lms-bruxelles-sept-2018-lac-magadi-petite-langue-grise-180820-300x200.jpg","width":300,"height":200,"mime_type":"image\/jpeg","source_url":"https:\/\/www.yannarthusbertrandphoto.com\/wp-content\/uploads\/2018\/09\/yab-scan-diapo-expo-lms-bruxelles-sept-2018-lac-magadi-petite-langue-grise-180820-300x200.jpg"},"silder_crop":{"file":"yab-scan-diapo-expo-lms-bruxelles-sept-2018-lac-magadi-petite-langue-grise-180820-486x324.jpg","width":486,"height":324,"mime_type":"image\/jpeg","source_url":"https:\/\/www.yannarthusbertrandphoto.com\/wp-content\/uploads\/2018\/09\/yab-scan-diapo-expo-lms-bruxelles-sept-2018-lac-magadi-petite-langue-grise-180820-486x324.jpg"},"silder_no_crop":{"file":"yab-scan-diapo-expo-lms-bruxelles-sept-2018-lac-magadi-petite-langue-grise-180820-486x324.jpg","width":486,"height":324,"width_query":9999,"height_query":324,"mime_type":"image\/jpeg","source_url":"https:\/\/www.yannarthusbertrandphoto.com\/wp-content\/uploads\/2018\/09\/yab-scan-diapo-expo-lms-bruxelles-sept-2018-lac-magadi-petite-langue-grise-180820-486x324.jpg"},"menu":{"file":"yab-scan-diapo-expo-lms-bruxelles-sept-2018-lac-magadi-petite-langue-grise-180820-615x410.jpg","width":615,"height":410,"width_query":9999,"height_query":410,"mime_type":"image\/jpeg","source_url":"https:\/\/www.yannarthusbertrandphoto.com\/wp-content\/uploads\/2018\/09\/yab-scan-diapo-expo-lms-bruxelles-sept-2018-lac-magadi-petite-langue-grise-180820-615x410.jpg"},"Image Size 500x500":{"file":"yab-scan-diapo-expo-lms-bruxelles-sept-2018-lac-magadi-petite-langue-grise-180820-500x500.jpg","width":500,"height":500,"mime_type":"image\/jpeg","source_url":"https:\/\/www.yannarthusbertrandphoto.com\/wp-content\/uploads\/2018\/09\/yab-scan-diapo-expo-lms-bruxelles-sept-2018-lac-magadi-petite-langue-grise-180820-500x500.jpg"},"Image Size 500x500-@2x":{"file":"yab-scan-diapo-expo-lms-bruxelles-sept-2018-lac-magadi-petite-langue-grise-180820-1000x1000.jpg","width":1000,"height":1000,"mime_type":"image\/jpeg","source_url":"https:\/\/www.yannarthusbertrandphoto.com\/wp-content\/uploads\/2018\/09\/yab-scan-diapo-expo-lms-bruxelles-sept-2018-lac-magadi-petite-langue-grise-180820-1000x1000.jpg"},"oeuvre":{"file":"yab-scan-diapo-expo-lms-bruxelles-sept-2018-lac-magadi-petite-langue-grise-180820-1024x682.jpg","width":1024,"height":682,"mime_type":"image\/jpeg","source_url":"https:\/\/www.yannarthusbertrandphoto.com\/wp-content\/uploads\/2018\/09\/yab-scan-diapo-expo-lms-bruxelles-sept-2018-lac-magadi-petite-langue-grise-180820-1024x682.jpg"},"oeuvre-@mobile":{"file":"yab-scan-diapo-expo-lms-bruxelles-sept-2018-lac-magadi-petite-langue-grise-180820-736x490.jpg","width":736,"height":490,"mime_type":"image\/jpeg","source_url":"https:\/\/www.yannarthusbertrandphoto.com\/wp-content\/uploads\/2018\/09\/yab-scan-diapo-expo-lms-bruxelles-sept-2018-lac-magadi-petite-langue-grise-180820-736x490.jpg"},"woocommerce_thumbnail":{"file":"yab-scan-diapo-expo-lms-bruxelles-sept-2018-lac-magadi-petite-langue-grise-180820-500x500.jpg","width":500,"height":500,"uncropped":true,"mime_type":"image\/jpeg","source_url":"https:\/\/www.yannarthusbertrandphoto.com\/wp-content\/uploads\/2018\/09\/yab-scan-diapo-expo-lms-bruxelles-sept-2018-lac-magadi-petite-langue-grise-180820-500x500.jpg"},"woocommerce_single":{"file":"yab-scan-diapo-expo-lms-bruxelles-sept-2018-lac-magadi-petite-langue-grise-180820-600x399.jpg","width":600,"height":399,"filesize":9960,"width_query":600,"height_query":0,"mime_type":"image\/jpeg","source_url":"https:\/\/www.yannarthusbertrandphoto.com\/wp-content\/uploads\/2018\/09\/yab-scan-diapo-expo-lms-bruxelles-sept-2018-lac-magadi-petite-langue-grise-180820-600x399.jpg"},"woocommerce_gallery_thumbnail":{"file":"yab-scan-diapo-expo-lms-bruxelles-sept-2018-lac-magadi-petite-langue-grise-180820-100x100.jpg","width":100,"height":100,"mime_type":"image\/jpeg","source_url":"https:\/\/www.yannarthusbertrandphoto.com\/wp-content\/uploads\/2018\/09\/yab-scan-diapo-expo-lms-bruxelles-sept-2018-lac-magadi-petite-langue-grise-180820-100x100.jpg"},"shop_catalog":{"file":"yab-scan-diapo-expo-lms-bruxelles-sept-2018-lac-magadi-petite-langue-grise-180820-500x500.jpg","width":500,"height":500,"mime_type":"image\/jpeg","source_url":"https:\/\/www.yannarthusbertrandphoto.com\/wp-content\/uploads\/2018\/09\/yab-scan-diapo-expo-lms-bruxelles-sept-2018-lac-magadi-petite-langue-grise-180820-500x500.jpg"},"shop_single":{"file":"yab-scan-diapo-expo-lms-bruxelles-sept-2018-lac-magadi-petite-langue-grise-180820-600x399.jpg","width":600,"height":399,"width_query":600,"height_query":0,"mime_type":"image\/jpeg","source_url":"https:\/\/www.yannarthusbertrandphoto.com\/wp-content\/uploads\/2018\/09\/yab-scan-diapo-expo-lms-bruxelles-sept-2018-lac-magadi-petite-langue-grise-180820-600x399.jpg"},"shop_thumbnail":{"file":"yab-scan-diapo-expo-lms-bruxelles-sept-2018-lac-magadi-petite-langue-grise-180820-100x100.jpg","width":100,"height":100,"mime_type":"image\/jpeg","source_url":"https:\/\/www.yannarthusbertrandphoto.com\/wp-content\/uploads\/2018\/09\/yab-scan-diapo-expo-lms-bruxelles-sept-2018-lac-magadi-petite-langue-grise-180820-100x100.jpg"},"landscape-tablet":{"file":"yab-scan-diapo-expo-lms-bruxelles-sept-2018-lac-magadi-petite-langue-grise-180820-1024x682.jpg","width":1024,"height":682,"width_query":1024,"height_query":768,"mime_type":"image\/jpeg","source_url":"https:\/\/www.yannarthusbertrandphoto.com\/wp-content\/uploads\/2018\/09\/yab-scan-diapo-expo-lms-bruxelles-sept-2018-lac-magadi-petite-langue-grise-180820-1024x682.jpg"},"landscape-mobile":{"file":"yab-scan-diapo-expo-lms-bruxelles-sept-2018-lac-magadi-petite-langue-grise-180820-621x414.jpg","width":621,"height":414,"width_query":736,"height_query":414,"mime_type":"image\/jpeg","source_url":"https:\/\/www.yannarthusbertrandphoto.com\/wp-content\/uploads\/2018\/09\/yab-scan-diapo-expo-lms-bruxelles-sept-2018-lac-magadi-petite-langue-grise-180820-621x414.jpg"},"266x266":{"file":"yab-scan-diapo-expo-lms-bruxelles-sept-2018-lac-magadi-petite-langue-grise-180820-266x266.jpg","width":266,"height":266,"mime_type":"image\/jpeg","source_url":"https:\/\/www.yannarthusbertrandphoto.com\/wp-content\/uploads\/2018\/09\/yab-scan-diapo-expo-lms-bruxelles-sept-2018-lac-magadi-petite-langue-grise-180820-266x266.jpg"},"600x99999":{"file":"yab-scan-diapo-expo-lms-bruxelles-sept-2018-lac-magadi-petite-langue-grise-180820-600x1333.jpg","width":600,"height":1333,"filesize":46777,"mime_type":"image\/jpeg","source_url":"https:\/\/www.yannarthusbertrandphoto.com\/wp-content\/uploads\/2018\/09\/yab-scan-diapo-expo-lms-bruxelles-sept-2018-lac-magadi-petite-langue-grise-180820-600x1333.jpg"},"oeuvre-@2x":{"file":"yab-scan-diapo-expo-lms-bruxelles-sept-2018-lac-magadi-petite-langue-grise-180820-2048x1364.jpg","width":2048,"height":1364,"width_query":2048,"height_query":1364,"mime_type":"image\/jpeg","source_url":"https:\/\/www.yannarthusbertrandphoto.com\/wp-content\/uploads\/2018\/09\/yab-scan-diapo-expo-lms-bruxelles-sept-2018-lac-magadi-petite-langue-grise-180820-2048x1364.jpg"},"full":{"file":"yab-scan-diapo-expo-lms-bruxelles-sept-2018-lac-magadi-petite-langue-grise-180820.jpg","width":2000,"height":1333,"mime_type":"image\/jpeg","source_url":"https:\/\/www.yannarthusbertrandphoto.com\/wp-content\/uploads\/2018\/09\/yab-scan-diapo-expo-lms-bruxelles-sept-2018-lac-magadi-petite-langue-grise-180820.jpg"}},"image_meta":{"aperture":"0","credit":"","camera":"LS-9000","caption":"","created_timestamp":"0","copyright":"","focal_length":"0","iso":"0","shutter_speed":"0","title":"","orientation":"1","keywords":["LMS Gallery","R\u00e9trospective","Scans TRAD","YAB"]}},"post":55,"source_url":"https:\/\/www.yannarthusbertrandphoto.com\/wp-content\/uploads\/2018\/09\/yab-scan-diapo-expo-lms-bruxelles-sept-2018-lac-magadi-petite-langue-grise-180820.jpg","_links":{"self":[{"href":"https:\/\/www.yannarthusbertrandphoto.com\/fr\/wp-json\/wp\/v2\/media\/18413"}],"collection":[{"href":"https:\/\/www.yannarthusbertrandphoto.com\/fr\/wp-json\/wp\/v2\/media"}],"about":[{"href":"https:\/\/www.yannarthusbertrandphoto.com\/fr\/wp-json\/wp\/v2\/types\/attachment"}],"author":[{"embeddable":true,"href":"https:\/\/www.yannarthusbertrandphoto.com\/fr\/wp-json\/wp\/v2\/users\/7"}],"replies":[{"embeddable":true,"href":"https:\/\/www.yannarthusbertrandphoto.com\/fr\/wp-json\/wp\/v2\/comments?post=18413"}]}}