{"id":14,"date":"2017-10-23T18:19:15","date_gmt":"2017-10-23T16:19:15","guid":{"rendered":"https:\/\/www.yannarthusbertrandphoto.com\/?page_id=14"},"modified":"2019-06-21T15:50:57","modified_gmt":"2019-06-21T13:50:57","slug":"expositions","status":"publish","type":"page","link":"https:\/\/www.yannarthusbertrandphoto.com\/fr\/expositions\/","title":{"rendered":"expositions"},"content":{"rendered":"<section class=\"wpb-content-wrapper\">[vc_row][vc_column][vc_empty_space height=\u00a0\u00bb60px\u00a0\u00bb][vc_column_text css=\u00a0\u00bb.vc_custom_1526371716984{margin-bottom: 0px !important;}\u00a0\u00bb]\n<p style=\"text-align: center\"><em>\u00ab C\u2019est dans les expositions que je ressens le sens de mon travail, en voyant les gens regarder les photos.<\/em><br \/>\n<em>J\u2019en tire un vrai plaisir alors que la prise de vue est souvent un moment de concentration et de stress \u00bb YAB<\/em><\/p>\n[\/vc_column_text][\/vc_column][\/vc_row][vc_row][vc_column visibility=\u00a0\u00bbhidden-sm\u00a0\u00bb width=\u00a0\u00bb1\/2&Prime; el_class=\u00a0\u00bbyab-expo-empty-col\u00a0\u00bb offset=\u00a0\u00bbvc_col-xs-1&Prime;][\/vc_column][vc_column width=\u00a0\u00bb1\/2&Prime; el_class=\u00a0\u00bbyab-expo-col\u00a0\u00bb][vc_custom_heading text=\u00a0\u00bbRepr\u00e9sentation\u00a0\u00bb font_container=\u00a0\u00bbtag:h2|text_align:left|color:%23000000&Prime; use_theme_fonts=\u00a0\u00bbyes\u00a0\u00bb css=\u00a0\u00bb.vc_custom_1516212519168{padding-top: 100px !important;}\u00a0\u00bb][vc_column_text css=\u00a0\u00bb.vc_custom_1526651551762{margin-bottom: 0px !important;padding-right: 40px !important;}\u00a0\u00bb]Cette page est d\u00e9di\u00e9e aux galeries\/institutions internationales qui repr\u00e9sentent ou exposent l&rsquo;oeuvre photographique de Yann Arthus-Bertrand.[\/vc_column_text][mk_button dimension=\u00a0\u00bbflat\u00a0\u00bb size=\u00a0\u00bblarge\u00a0\u00bb letter_spacing=\u00a0\u00bb2&Prime; icon=\u00a0\u00bbmk-icon-angle-double-right\u00a0\u00bb url=\u00a0\u00bbhttps:\/\/www.yannarthusbertrandphoto.com\/fr\/expositions\/representation\u00a0\u00bb margin_bottom=\u00a0\u00bb0&Prime; margin_right=\u00a0\u00bb0&Prime; bg_color=\u00a0\u00bb#ffffff\u00a0\u00bb btn_hover_bg=\u00a0\u00bb#ffffff\u00a0\u00bb text_color=\u00a0\u00bbdark\u00a0\u00bb btn_hover_txt_color=\u00a0\u00bb#969696&Prime;]Les galeries \/ institutions[\/mk_button][\/vc_column][\/vc_row][vc_row][vc_column width=\u00a0\u00bb1\/2&Prime; el_class=\u00a0\u00bbyab-expo-col yab-curation-col\u00a0\u00bb css=\u00a0\u00bb.vc_custom_1515608288072{padding-right: 40px !important;}\u00a0\u00bb][vc_custom_heading text=\u00a0\u00bbExpositions publiques\u00a0\u00bb font_container=\u00a0\u00bbtag:h2|text_align:right|color:%23000000&Prime; use_theme_fonts=\u00a0\u00bbyes\u00a0\u00bb css=\u00a0\u00bb.vc_custom_1542999527197{padding-top: 60px !important;}\u00a0\u00bb][vc_column_text css=\u00a0\u00bb.vc_custom_1522180255861{margin-bottom: 0px !important;}\u00a0\u00bb]\n<p style=\"text-align: right\">Ces expositions sont toujours pr\u00e9sent\u00e9es dans un lieu public et populaire, en ext\u00e9rieur ou int\u00e9rieur, en acc\u00e8s gratuit et pour une dur\u00e9e moyenne de deux mois.<\/p>\n[\/vc_column_text][mk_button dimension=\u00a0\u00bbflat\u00a0\u00bb size=\u00a0\u00bblarge\u00a0\u00bb letter_spacing=\u00a0\u00bb2&Prime; icon=\u00a0\u00bbmk-icon-angle-double-right\u00a0\u00bb url=\u00a0\u00bb\/expositions\/expositions-a-ciel-ouvert\/\u00a0\u00bb nofollow=\u00a0\u00bbtrue\u00a0\u00bb align=\u00a0\u00bbright\u00a0\u00bb id=\u00a0\u00bbyab-expo-curation-button\u00a0\u00bb margin_bottom=\u00a0\u00bb0&Prime; margin_right=\u00a0\u00bb0&Prime; bg_color=\u00a0\u00bb#ffffff\u00a0\u00bb btn_hover_bg=\u00a0\u00bb#ffffff\u00a0\u00bb text_color=\u00a0\u00bbdark\u00a0\u00bb btn_hover_txt_color=\u00a0\u00bb#969696&Prime;]Historique des expositions[\/mk_button][\/vc_column][vc_column visibility=\u00a0\u00bbhidden-sm\u00a0\u00bb width=\u00a0\u00bb1\/2&Prime; el_class=\u00a0\u00bbyab-expo-empty-col\u00a0\u00bb][\/vc_column][\/vc_row][vc_row][vc_column visibility=\u00a0\u00bbhidden-sm\u00a0\u00bb width=\u00a0\u00bb1\/2&Prime; el_class=\u00a0\u00bbyab-expo-empty-col\u00a0\u00bb offset=\u00a0\u00bbvc_col-xs-1&Prime;][\/vc_column][vc_column width=\u00a0\u00bb1\/2&Prime; el_class=\u00a0\u00bbyab-expo-col\u00a0\u00bb][vc_custom_heading text=\u00a0\u00bbCuration\u00a0\u00bb font_container=\u00a0\u00bbtag:h2|text_align:left|color:%23000000&Prime; use_theme_fonts=\u00a0\u00bbyes\u00a0\u00bb css=\u00a0\u00bb.vc_custom_1522180222549{padding-top: 60px !important;}\u00a0\u00bb][vc_column_text css=\u00a0\u00bb.vc_custom_1522180212737{margin-bottom: 0px !important;}\u00a0\u00bb]\n<p style=\"text-align: left\">L&rsquo;atelier Yann Arthus-bertrand pr\u00e9sente diff\u00e9rents sujets d&rsquo;expositions.<\/p>\n[\/vc_column_text][mk_button dimension=\u00a0\u00bbflat\u00a0\u00bb size=\u00a0\u00bblarge\u00a0\u00bb letter_spacing=\u00a0\u00bb2&Prime; icon=\u00a0\u00bbmk-icon-angle-double-right\u00a0\u00bb url=\u00a0\u00bb\/exposistions\/curation\/\u00a0\u00bb nofollow=\u00a0\u00bbtrue\u00a0\u00bb id=\u00a0\u00bbyab-expo-curation-button\u00a0\u00bb margin_bottom=\u00a0\u00bb0&Prime; margin_right=\u00a0\u00bb0&Prime; bg_color=\u00a0\u00bb#ffffff\u00a0\u00bb btn_hover_bg=\u00a0\u00bb#ffffff\u00a0\u00bb text_color=\u00a0\u00bbdark\u00a0\u00bb btn_hover_txt_color=\u00a0\u00bb#969696&Prime;]Sujets d&rsquo;expositions[\/mk_button][\/vc_column][\/vc_row][vc_row][vc_column width=\u00a0\u00bb1\/2&Prime; el_class=\u00a0\u00bbyab-expo-col yab-curation-col\u00a0\u00bb][vc_custom_heading text=\u00a0\u00bbTirages &amp; cadres\u00a0\u00bb font_container=\u00a0\u00bbtag:h2|text_align:right|color:%23000000&Prime; use_theme_fonts=\u00a0\u00bbyes\u00a0\u00bb css=\u00a0\u00bb.vc_custom_1530524599283{padding-top: 60px !important;}\u00a0\u00bb][vc_column_text css=\u00a0\u00bb.vc_custom_1542999661782{margin-bottom: 0px !important;}\u00a0\u00bb]\n<p style=\"text-align: right\"><span class=\"\">Dans l&rsquo;Atelier Yann Arthus-Bertrand, cadres et tirages en pr\u00e9paration. Accrochages en Galeries.<\/span><\/p>\n[\/vc_column_text][mk_button dimension=\u00a0\u00bbflat\u00a0\u00bb size=\u00a0\u00bblarge\u00a0\u00bb letter_spacing=\u00a0\u00bb2&Prime; icon=\u00a0\u00bbmk-icon-angle-double-right\u00a0\u00bb url=\u00a0\u00bbhttps:\/\/www.yannarthusbertrandphoto.com\/fr\/expositions\/tirages-cadres\/\u00a0\u00bb nofollow=\u00a0\u00bbtrue\u00a0\u00bb align=\u00a0\u00bbright\u00a0\u00bb id=\u00a0\u00bbyab-expo-curation-button\u00a0\u00bb margin_bottom=\u00a0\u00bb0&Prime; margin_right=\u00a0\u00bb0&Prime; bg_color=\u00a0\u00bb#ffffff\u00a0\u00bb btn_hover_bg=\u00a0\u00bb#ffffff\u00a0\u00bb text_color=\u00a0\u00bbdark\u00a0\u00bb btn_hover_txt_color=\u00a0\u00bb#969696&Prime;]Voir les r\u00e9alisations [\/mk_button][\/vc_column][vc_column visibility=\u00a0\u00bbhidden-sm\u00a0\u00bb width=\u00a0\u00bb1\/2&Prime; el_class=\u00a0\u00bbyab-expo-empty-col\u00a0\u00bb][\/vc_column][\/vc_row][vc_row][vc_column visibility=\u00a0\u00bbhidden-sm\u00a0\u00bb width=\u00a0\u00bb1\/2&Prime; el_class=\u00a0\u00bbyab-expo-empty-col\u00a0\u00bb offset=\u00a0\u00bbvc_col-xs-1&Prime;][\/vc_column][vc_column width=\u00a0\u00bb1\/2&Prime; el_class=\u00a0\u00bbyab-expo-col\u00a0\u00bb][vc_custom_heading text=\u00a0\u00bbPUBLICATIONS\u00a0\u00bb font_container=\u00a0\u00bbtag:h2|text_align:left|color:%23000000&Prime; use_theme_fonts=\u00a0\u00bbyes\u00a0\u00bb css=\u00a0\u00bb.vc_custom_1530524637263{padding-top: 60px !important;}\u00a0\u00bb][vc_column_text css=\u00a0\u00bb.vc_custom_1542999837501{margin-bottom: 0px !important;}\u00a0\u00bb]\n<div class=\"\">\n<div class=\"\"><span class=\"\">Les nombreuses publications de Yann Arthus-Bertrand, du premier livre \u00ab Lions \u00bb \u00e9dit\u00e9 en 1981 \u00e0 aujourd\u2019hui.<br \/>\n<\/span><\/div>\n<\/div>\n[\/vc_column_text][mk_button dimension=\u00a0\u00bbflat\u00a0\u00bb size=\u00a0\u00bblarge\u00a0\u00bb letter_spacing=\u00a0\u00bb2&Prime; icon=\u00a0\u00bbmk-icon-angle-double-right\u00a0\u00bb url=\u00a0\u00bbhttps:\/\/www.yannarthusbertrandphoto.com\/fr\/expositions\/publications\/\u00a0\u00bb nofollow=\u00a0\u00bbtrue\u00a0\u00bb id=\u00a0\u00bbyab-expo-curation-button\u00a0\u00bb margin_bottom=\u00a0\u00bb0&Prime; margin_right=\u00a0\u00bb0&Prime; bg_color=\u00a0\u00bb#ffffff\u00a0\u00bb btn_hover_bg=\u00a0\u00bb#ffffff\u00a0\u00bb text_color=\u00a0\u00bbdark\u00a0\u00bb btn_hover_txt_color=\u00a0\u00bb#969696&Prime;]Voir les publications [\/mk_button][\/vc_column][\/vc_row]\n<\/section>","protected":false},"excerpt":{"rendered":"<p>[vc_row][vc_column][vc_empty_space height=\u00a0\u00bb60px\u00a0\u00bb][vc_column_text css=\u00a0\u00bb.vc_custom_1526371716984{margin-bottom: 0px !important;}\u00a0\u00bb] \u00ab C\u2019est dans les expositions que je ressens le sens de mon travail, en voyant [&hellip;]<\/p>\n","protected":false},"author":1,"featured_media":0,"parent":0,"menu_order":3,"comment_status":"closed","ping_status":"closed","template":"","meta":{"inline_featured_image":false},"categories":[],"yoast_head":"<!-- This site is optimized with the Yoast SEO plugin v19.10 - https:\/\/yoast.com\/wordpress\/plugins\/seo\/ -->\n<title>YANN ARTHUS-BERTRAND PHOTO | Expositions | Officiel<\/title>\n<meta name=\"description\" content=\"YAB PHOTO | \u00ab C\u2019est dans les expositions que je ressens le sens de mon travail, en voyant les gens regarder les photos. J\u2019en tire un vrai plaisir alors que la prise de vue est souvent un moment de concentration et de stress \u00bb YAB. Acqu\u00e9rir une oeuvre sign\u00e9e et en \u00e9ditions limit\u00e9es | YABPHOTO.COM\" \/>\n<meta name=\"robots\" content=\"index, follow, max-snippet:-1, max-image-preview:large, max-video-preview:-1\" \/>\n<link rel=\"canonical\" href=\"https:\/\/www.yannarthusbertrandphoto.com\/fr\/expositions\/\" \/>\n<meta property=\"og:locale\" content=\"fr_FR\" \/>\n<meta property=\"og:type\" content=\"article\" \/>\n<meta property=\"og:title\" content=\"YANN ARTHUS-BERTRAND PHOTO | Expositions | Officiel\" \/>\n<meta property=\"og:description\" content=\"YAB PHOTO | \u00ab C\u2019est dans les expositions que je ressens le sens de mon travail, en voyant les gens regarder les photos. J\u2019en tire un vrai plaisir alors que la prise de vue est souvent un moment de concentration et de stress \u00bb YAB. Acqu\u00e9rir une oeuvre sign\u00e9e et en \u00e9ditions limit\u00e9es | YABPHOTO.COM\" \/>\n<meta property=\"og:url\" content=\"https:\/\/www.yannarthusbertrandphoto.com\/fr\/expositions\/\" \/>\n<meta property=\"og:site_name\" content=\"Yann Arthus-Bertrand\" \/>\n<meta property=\"article:publisher\" content=\"https:\/\/www.facebook.com\/Y.A.Bertrand\/\" \/>\n<meta property=\"article:modified_time\" content=\"2019-06-21T13:50:57+00:00\" \/>\n<meta property=\"og:image\" content=\"https:\/\/www.yannarthusbertrandphoto.com\/wp-content\/uploads\/2018\/02\/expo_preview.jpeg\" \/>\n<meta name=\"twitter:card\" content=\"summary_large_image\" \/>\n<meta name=\"twitter:title\" content=\"YANN ARTHUS-BERTRAND PHOTO | Expositions | Officiel\" \/>\n<meta name=\"twitter:description\" content=\"YAB PHOTO | \u00ab C\u2019est dans les expositions que je ressens le sens de mon travail, en voyant les gens regarder les photos. J\u2019en tire un vrai plaisir alors que la prise de vue est souvent un moment de concentration et de stress \u00bb YAB. Acqu\u00e9rir une oeuvre sign\u00e9e et en \u00e9ditions limit\u00e9es | YABPHOTO.COM\" \/>\n<meta name=\"twitter:image\" content=\"https:\/\/www.yannarthusbertrandphoto.com\/wp-content\/uploads\/2018\/02\/expo_preview.jpeg\" \/>\n<meta name=\"twitter:site\" content=\"@Yann_A_B\" \/>\n<meta name=\"twitter:label1\" content=\"Dur\u00e9e de lecture estim\u00e9e\" \/>\n\t<meta name=\"twitter:data1\" content=\"3 minutes\" \/>\n<script type=\"application\/ld+json\" class=\"yoast-schema-graph\">{\"@context\":\"https:\/\/schema.org\",\"@graph\":[{\"@type\":\"WebPage\",\"@id\":\"https:\/\/www.yannarthusbertrandphoto.com\/fr\/expositions\/\",\"url\":\"https:\/\/www.yannarthusbertrandphoto.com\/fr\/expositions\/\",\"name\":\"YANN ARTHUS-BERTRAND PHOTO | Expositions | Officiel\",\"isPartOf\":{\"@id\":\"https:\/\/www.yannarthusbertrandphoto.com\/fr\/#website\"},\"datePublished\":\"2017-10-23T16:19:15+00:00\",\"dateModified\":\"2019-06-21T13:50:57+00:00\",\"description\":\"YAB PHOTO | \u00ab C\u2019est dans les expositions que je ressens le sens de mon travail, en voyant les gens regarder les photos. J\u2019en tire un vrai plaisir alors que la prise de vue est souvent un moment de concentration et de stress \u00bb YAB. Acqu\u00e9rir une oeuvre sign\u00e9e et en \u00e9ditions limit\u00e9es | YABPHOTO.COM\",\"breadcrumb\":{\"@id\":\"https:\/\/www.yannarthusbertrandphoto.com\/fr\/expositions\/#breadcrumb\"},\"inLanguage\":\"fr-FR\",\"potentialAction\":[{\"@type\":\"ReadAction\",\"target\":[\"https:\/\/www.yannarthusbertrandphoto.com\/fr\/expositions\/\"]}]},{\"@type\":\"BreadcrumbList\",\"@id\":\"https:\/\/www.yannarthusbertrandphoto.com\/fr\/expositions\/#breadcrumb\",\"itemListElement\":[{\"@type\":\"ListItem\",\"position\":1,\"name\":\"Accueil\",\"item\":\"https:\/\/www.yannarthusbertrandphoto.com\/fr\/\"},{\"@type\":\"ListItem\",\"position\":2,\"name\":\"expositions\"}]},{\"@type\":\"WebSite\",\"@id\":\"https:\/\/www.yannarthusbertrandphoto.com\/fr\/#website\",\"url\":\"https:\/\/www.yannarthusbertrandphoto.com\/fr\/\",\"name\":\"Yann Arthus-Bertrand\",\"description\":\"Site officiel d\u00e9di\u00e9 \u00e0 l\u2019\u0153uvre photographique de Yann Arthus-Bertrand\",\"publisher\":{\"@id\":\"https:\/\/www.yannarthusbertrandphoto.com\/fr\/#organization\"},\"potentialAction\":[{\"@type\":\"SearchAction\",\"target\":{\"@type\":\"EntryPoint\",\"urlTemplate\":\"https:\/\/www.yannarthusbertrandphoto.com\/fr\/?s={search_term_string}\"},\"query-input\":\"required name=search_term_string\"}],\"inLanguage\":\"fr-FR\"},{\"@type\":\"Organization\",\"@id\":\"https:\/\/www.yannarthusbertrandphoto.com\/fr\/#organization\",\"name\":\"Alfie Be\",\"url\":\"https:\/\/www.yannarthusbertrandphoto.com\/fr\/\",\"logo\":{\"@type\":\"ImageObject\",\"inLanguage\":\"fr-FR\",\"@id\":\"https:\/\/www.yannarthusbertrandphoto.com\/fr\/#\/schema\/logo\/image\/\",\"url\":\"https:\/\/www.yannarthusbertrandphoto.com\/wp-content\/uploads\/2018\/01\/yab_logo_black.svg\",\"contentUrl\":\"https:\/\/www.yannarthusbertrandphoto.com\/wp-content\/uploads\/2018\/01\/yab_logo_black.svg\",\"caption\":\"Alfie Be\"},\"image\":{\"@id\":\"https:\/\/www.yannarthusbertrandphoto.com\/fr\/#\/schema\/logo\/image\/\"},\"sameAs\":[\"https:\/\/www.instagram.com\/yannarthusbertrand\/\",\"https:\/\/www.youtube.com\/user\/yannarthusbertrand\",\"https:\/\/www.facebook.com\/Y.A.Bertrand\/\",\"https:\/\/twitter.com\/Yann_A_B\"]}]}<\/script>\n<!-- \/ Yoast SEO plugin. -->","yoast_head_json":{"title":"YANN ARTHUS-BERTRAND PHOTO | Expositions | Officiel","description":"YAB PHOTO | \u00ab C\u2019est dans les expositions que je ressens le sens de mon travail, en voyant les gens regarder les photos. J\u2019en tire un vrai plaisir alors que la prise de vue est souvent un moment de concentration et de stress \u00bb YAB. Acqu\u00e9rir une oeuvre sign\u00e9e et en \u00e9ditions limit\u00e9es | YABPHOTO.COM","robots":{"index":"index","follow":"follow","max-snippet":"max-snippet:-1","max-image-preview":"max-image-preview:large","max-video-preview":"max-video-preview:-1"},"canonical":"https:\/\/www.yannarthusbertrandphoto.com\/fr\/expositions\/","og_locale":"fr_FR","og_type":"article","og_title":"YANN ARTHUS-BERTRAND PHOTO | Expositions | Officiel","og_description":"YAB PHOTO | \u00ab C\u2019est dans les expositions que je ressens le sens de mon travail, en voyant les gens regarder les photos. J\u2019en tire un vrai plaisir alors que la prise de vue est souvent un moment de concentration et de stress \u00bb YAB. Acqu\u00e9rir une oeuvre sign\u00e9e et en \u00e9ditions limit\u00e9es | YABPHOTO.COM","og_url":"https:\/\/www.yannarthusbertrandphoto.com\/fr\/expositions\/","og_site_name":"Yann Arthus-Bertrand","article_publisher":"https:\/\/www.facebook.com\/Y.A.Bertrand\/","article_modified_time":"2019-06-21T13:50:57+00:00","og_image":[{"url":"https:\/\/www.yannarthusbertrandphoto.com\/wp-content\/uploads\/2018\/02\/expo_preview.jpeg"}],"twitter_card":"summary_large_image","twitter_title":"YANN ARTHUS-BERTRAND PHOTO | Expositions | Officiel","twitter_description":"YAB PHOTO | \u00ab C\u2019est dans les expositions que je ressens le sens de mon travail, en voyant les gens regarder les photos. J\u2019en tire un vrai plaisir alors que la prise de vue est souvent un moment de concentration et de stress \u00bb YAB. Acqu\u00e9rir une oeuvre sign\u00e9e et en \u00e9ditions limit\u00e9es | YABPHOTO.COM","twitter_image":"https:\/\/www.yannarthusbertrandphoto.com\/wp-content\/uploads\/2018\/02\/expo_preview.jpeg","twitter_site":"@Yann_A_B","twitter_misc":{"Dur\u00e9e de lecture estim\u00e9e":"3 minutes"},"schema":{"@context":"https:\/\/schema.org","@graph":[{"@type":"WebPage","@id":"https:\/\/www.yannarthusbertrandphoto.com\/fr\/expositions\/","url":"https:\/\/www.yannarthusbertrandphoto.com\/fr\/expositions\/","name":"YANN ARTHUS-BERTRAND PHOTO | Expositions | Officiel","isPartOf":{"@id":"https:\/\/www.yannarthusbertrandphoto.com\/fr\/#website"},"datePublished":"2017-10-23T16:19:15+00:00","dateModified":"2019-06-21T13:50:57+00:00","description":"YAB PHOTO | \u00ab C\u2019est dans les expositions que je ressens le sens de mon travail, en voyant les gens regarder les photos. J\u2019en tire un vrai plaisir alors que la prise de vue est souvent un moment de concentration et de stress \u00bb YAB. Acqu\u00e9rir une oeuvre sign\u00e9e et en \u00e9ditions limit\u00e9es | YABPHOTO.COM","breadcrumb":{"@id":"https:\/\/www.yannarthusbertrandphoto.com\/fr\/expositions\/#breadcrumb"},"inLanguage":"fr-FR","potentialAction":[{"@type":"ReadAction","target":["https:\/\/www.yannarthusbertrandphoto.com\/fr\/expositions\/"]}]},{"@type":"BreadcrumbList","@id":"https:\/\/www.yannarthusbertrandphoto.com\/fr\/expositions\/#breadcrumb","itemListElement":[{"@type":"ListItem","position":1,"name":"Accueil","item":"https:\/\/www.yannarthusbertrandphoto.com\/fr\/"},{"@type":"ListItem","position":2,"name":"expositions"}]},{"@type":"WebSite","@id":"https:\/\/www.yannarthusbertrandphoto.com\/fr\/#website","url":"https:\/\/www.yannarthusbertrandphoto.com\/fr\/","name":"Yann Arthus-Bertrand","description":"Site officiel d\u00e9di\u00e9 \u00e0 l\u2019\u0153uvre photographique de Yann Arthus-Bertrand","publisher":{"@id":"https:\/\/www.yannarthusbertrandphoto.com\/fr\/#organization"},"potentialAction":[{"@type":"SearchAction","target":{"@type":"EntryPoint","urlTemplate":"https:\/\/www.yannarthusbertrandphoto.com\/fr\/?s={search_term_string}"},"query-input":"required name=search_term_string"}],"inLanguage":"fr-FR"},{"@type":"Organization","@id":"https:\/\/www.yannarthusbertrandphoto.com\/fr\/#organization","name":"Alfie Be","url":"https:\/\/www.yannarthusbertrandphoto.com\/fr\/","logo":{"@type":"ImageObject","inLanguage":"fr-FR","@id":"https:\/\/www.yannarthusbertrandphoto.com\/fr\/#\/schema\/logo\/image\/","url":"https:\/\/www.yannarthusbertrandphoto.com\/wp-content\/uploads\/2018\/01\/yab_logo_black.svg","contentUrl":"https:\/\/www.yannarthusbertrandphoto.com\/wp-content\/uploads\/2018\/01\/yab_logo_black.svg","caption":"Alfie Be"},"image":{"@id":"https:\/\/www.yannarthusbertrandphoto.com\/fr\/#\/schema\/logo\/image\/"},"sameAs":["https:\/\/www.instagram.com\/yannarthusbertrand\/","https:\/\/www.youtube.com\/user\/yannarthusbertrand","https:\/\/www.facebook.com\/Y.A.Bertrand\/","https:\/\/twitter.com\/Yann_A_B"]}]}},"_links":{"self":[{"href":"https:\/\/www.yannarthusbertrandphoto.com\/fr\/wp-json\/wp\/v2\/pages\/14"}],"collection":[{"href":"https:\/\/www.yannarthusbertrandphoto.com\/fr\/wp-json\/wp\/v2\/pages"}],"about":[{"href":"https:\/\/www.yannarthusbertrandphoto.com\/fr\/wp-json\/wp\/v2\/types\/page"}],"author":[{"embeddable":true,"href":"https:\/\/www.yannarthusbertrandphoto.com\/fr\/wp-json\/wp\/v2\/users\/1"}],"replies":[{"embeddable":true,"href":"https:\/\/www.yannarthusbertrandphoto.com\/fr\/wp-json\/wp\/v2\/comments?post=14"}],"version-history":[{"count":55,"href":"https:\/\/www.yannarthusbertrandphoto.com\/fr\/wp-json\/wp\/v2\/pages\/14\/revisions"}],"predecessor-version":[{"id":22719,"href":"https:\/\/www.yannarthusbertrandphoto.com\/fr\/wp-json\/wp\/v2\/pages\/14\/revisions\/22719"}],"wp:attachment":[{"href":"https:\/\/www.yannarthusbertrandphoto.com\/fr\/wp-json\/wp\/v2\/media?parent=14"}],"wp:term":[{"taxonomy":"category","embeddable":true,"href":"https:\/\/www.yannarthusbertrandphoto.com\/fr\/wp-json\/wp\/v2\/categories?post=14"}],"curies":[{"name":"wp","href":"https:\/\/api.w.org\/{rel}","templated":true}]}}