{"id":13878,"date":"2018-04-25T20:55:04","date_gmt":"2018-04-25T18:55:04","guid":{"rendered":"https:\/\/www.yannarthusbertrandphoto.com\/?post_type=product&#038;p=13878"},"modified":"2018-05-28T18:31:18","modified_gmt":"2018-05-28T16:31:18","slug":"bois","status":"publish","type":"product","link":"https:\/\/www.yannarthusbertrandphoto.com\/fr\/produit\/bois\/","title":{"rendered":"Bois"},"content":{"rendered":"<p>Malgr\u00e9 les efforts men\u00e9s depuis trente ans par les neuf pays riverains de la mer Baltique pour r\u00e9duire sa pollution, l\u2019\u00e9tat de ce bassin presque clos, qui communique faiblement avec la mer du Nord par les d\u00e9troits danois, reste pr\u00e9occupant. Des substances chimiques vari\u00e9es s\u2019y accumulent, d\u00e9vers\u00e9es avec les eaux us\u00e9es, les pollutions atmosph\u00e9riques et les effluents agricoles et industriels.<\/p>\n<p>Aujourd\u2019hui r\u00e9glement\u00e9s, les rejets des nombreuses usines de p\u00e2te \u00e0 papier comme celle-ci, dans le Blekinge, au sud de la Su\u00e8de, ont longtemps contamin\u00e9 le milieu.<\/p>\n<p>L\u2019utilisation mondiale de papier a tripl\u00e9 depuis\u00a01960\u00a0et atteint 317\u00a0millions de tonnes. L\u2019Am\u00e9rique du Nord, l\u2019Europe occidentale et le Japon (soit 20\u00a0% de la population mondiale) en absorbent 70\u00a0%. Si la Chine enti\u00e8re, qui consomme 35\u00a0kg de papier par personne et par an, se hissait au rang des \u00c9tats-Unis (338\u00a0kg), l\u2019actuelle production mondiale ne parviendrait pas \u00e0 couvrir ses seuls besoins. Et si le taux moyen de recyclage du papier (43\u00a0%) atteignait partout celui de l\u2019Allemagne (72\u00a0%), un tiers du bois aujourd\u2019hui n\u00e9cessaire pour satisfaire les besoins mondiaux serait \u00e9pargn\u00e9.<\/p>\n","protected":false},"excerpt":{"rendered":"<p>Empilement de bois devant une usine de papier pr\u00e8s de M\u00e9rrum, province du Blekinge, Su\u00e8de (56\u00b011\u2019N &#8211; 14\u00b045\u2019E).<\/p>\n","protected":false},"featured_media":13879,"template":"","meta":{"inline_featured_image":false},"product_cat":[212],"product_tag":[],"yoast_head":"<!-- This site is optimized with the Yoast SEO plugin v19.10 - https:\/\/yoast.com\/wordpress\/plugins\/seo\/ -->\n<title>Bois, Su\u00e8de - Yann Arthus-Bertrand Photographie<\/title>\n<meta name=\"description\" content=\"Malgr\u00e9 les efforts men\u00e9s depuis trente ans par les neuf pays riverains de la mer Baltique pour r\u00e9duire sa pollution, l\u2019\u00e9tat de ce bassin presque clos, qui communique faiblement avec la mer du Nord par les d\u00e9troits danois, reste pr\u00e9occupant.\" \/>\n<meta name=\"robots\" content=\"index, follow, max-snippet:-1, max-image-preview:large, max-video-preview:-1\" \/>\n<link rel=\"canonical\" href=\"https:\/\/www.yannarthusbertrandphoto.com\/fr\/produit\/bois\/\" \/>\n<meta property=\"og:locale\" content=\"fr_FR\" \/>\n<meta property=\"og:type\" content=\"article\" \/>\n<meta property=\"og:title\" content=\"Bois, Su\u00e8de - Yann Arthus-Bertrand Photographie\" \/>\n<meta property=\"og:description\" content=\"Malgr\u00e9 les efforts men\u00e9s depuis trente ans par les neuf pays riverains de la mer Baltique pour r\u00e9duire sa pollution, l\u2019\u00e9tat de ce bassin presque clos, qui communique faiblement avec la mer du Nord par les d\u00e9troits danois, reste pr\u00e9occupant.\" \/>\n<meta property=\"og:url\" content=\"https:\/\/www.yannarthusbertrandphoto.com\/fr\/produit\/bois\/\" \/>\n<meta property=\"og:site_name\" content=\"Yann Arthus-Bertrand\" \/>\n<meta property=\"article:publisher\" content=\"https:\/\/www.facebook.com\/Y.A.Bertrand\/\" \/>\n<meta property=\"article:modified_time\" content=\"2018-05-28T16:31:18+00:00\" \/>\n<meta property=\"og:image\" content=\"https:\/\/www.yannarthusbertrandphoto.com\/wp-content\/uploads\/2018\/04\/yab_sude_bois_yann-arthus-bertrand-photographie.jpeg\" \/>\n\t<meta property=\"og:image:width\" content=\"2000\" \/>\n\t<meta property=\"og:image:height\" content=\"1333\" \/>\n\t<meta property=\"og:image:type\" content=\"image\/jpeg\" \/>\n<meta name=\"twitter:card\" content=\"summary_large_image\" \/>\n<meta name=\"twitter:site\" content=\"@Yann_A_B\" \/>\n<meta name=\"twitter:label1\" content=\"Dur\u00e9e de lecture estim\u00e9e\" \/>\n\t<meta name=\"twitter:data1\" content=\"1 minute\" \/>\n<script type=\"application\/ld+json\" class=\"yoast-schema-graph\">{\"@context\":\"https:\/\/schema.org\",\"@graph\":[{\"@type\":\"WebPage\",\"@id\":\"https:\/\/www.yannarthusbertrandphoto.com\/fr\/produit\/bois\/\",\"url\":\"https:\/\/www.yannarthusbertrandphoto.com\/fr\/produit\/bois\/\",\"name\":\"Bois, Su\u00e8de - Yann Arthus-Bertrand Photographie\",\"isPartOf\":{\"@id\":\"https:\/\/www.yannarthusbertrandphoto.com\/fr\/#website\"},\"datePublished\":\"2018-04-25T18:55:04+00:00\",\"dateModified\":\"2018-05-28T16:31:18+00:00\",\"description\":\"Malgr\u00e9 les efforts men\u00e9s depuis trente ans par les neuf pays riverains de la mer Baltique pour r\u00e9duire sa pollution, l\u2019\u00e9tat de ce bassin presque clos, qui communique faiblement avec la mer du Nord par les d\u00e9troits danois, reste pr\u00e9occupant.\",\"breadcrumb\":{\"@id\":\"https:\/\/www.yannarthusbertrandphoto.com\/fr\/produit\/bois\/#breadcrumb\"},\"inLanguage\":\"fr-FR\",\"potentialAction\":[{\"@type\":\"ReadAction\",\"target\":[\"https:\/\/www.yannarthusbertrandphoto.com\/fr\/produit\/bois\/\"]}]},{\"@type\":\"BreadcrumbList\",\"@id\":\"https:\/\/www.yannarthusbertrandphoto.com\/fr\/produit\/bois\/#breadcrumb\",\"itemListElement\":[{\"@type\":\"ListItem\",\"position\":1,\"name\":\"Accueil\",\"item\":\"https:\/\/www.yannarthusbertrandphoto.com\/fr\/\"},{\"@type\":\"ListItem\",\"position\":2,\"name\":\"Shop\",\"item\":\"https:\/\/www.yannarthusbertrandphoto.com\/fr\/shop\/\"},{\"@type\":\"ListItem\",\"position\":3,\"name\":\"Bois\"}]},{\"@type\":\"WebSite\",\"@id\":\"https:\/\/www.yannarthusbertrandphoto.com\/fr\/#website\",\"url\":\"https:\/\/www.yannarthusbertrandphoto.com\/fr\/\",\"name\":\"Yann Arthus-Bertrand\",\"description\":\"Site officiel d\u00e9di\u00e9 \u00e0 l\u2019\u0153uvre photographique de Yann Arthus-Bertrand\",\"publisher\":{\"@id\":\"https:\/\/www.yannarthusbertrandphoto.com\/fr\/#organization\"},\"potentialAction\":[{\"@type\":\"SearchAction\",\"target\":{\"@type\":\"EntryPoint\",\"urlTemplate\":\"https:\/\/www.yannarthusbertrandphoto.com\/fr\/?s={search_term_string}\"},\"query-input\":\"required name=search_term_string\"}],\"inLanguage\":\"fr-FR\"},{\"@type\":\"Organization\",\"@id\":\"https:\/\/www.yannarthusbertrandphoto.com\/fr\/#organization\",\"name\":\"Alfie Be\",\"url\":\"https:\/\/www.yannarthusbertrandphoto.com\/fr\/\",\"logo\":{\"@type\":\"ImageObject\",\"inLanguage\":\"fr-FR\",\"@id\":\"https:\/\/www.yannarthusbertrandphoto.com\/fr\/#\/schema\/logo\/image\/\",\"url\":\"https:\/\/www.yannarthusbertrandphoto.com\/wp-content\/uploads\/2018\/01\/yab_logo_black.svg\",\"contentUrl\":\"https:\/\/www.yannarthusbertrandphoto.com\/wp-content\/uploads\/2018\/01\/yab_logo_black.svg\",\"caption\":\"Alfie Be\"},\"image\":{\"@id\":\"https:\/\/www.yannarthusbertrandphoto.com\/fr\/#\/schema\/logo\/image\/\"},\"sameAs\":[\"https:\/\/www.instagram.com\/yannarthusbertrand\/\",\"https:\/\/www.youtube.com\/user\/yannarthusbertrand\",\"https:\/\/www.facebook.com\/Y.A.Bertrand\/\",\"https:\/\/twitter.com\/Yann_A_B\"]}]}<\/script>\n<!-- \/ Yoast SEO plugin. -->","yoast_head_json":{"title":"Bois, Su\u00e8de - Yann Arthus-Bertrand Photographie","description":"Malgr\u00e9 les efforts men\u00e9s depuis trente ans par les neuf pays riverains de la mer Baltique pour r\u00e9duire sa pollution, l\u2019\u00e9tat de ce bassin presque clos, qui communique faiblement avec la mer du Nord par les d\u00e9troits danois, reste pr\u00e9occupant.","robots":{"index":"index","follow":"follow","max-snippet":"max-snippet:-1","max-image-preview":"max-image-preview:large","max-video-preview":"max-video-preview:-1"},"canonical":"https:\/\/www.yannarthusbertrandphoto.com\/fr\/produit\/bois\/","og_locale":"fr_FR","og_type":"article","og_title":"Bois, Su\u00e8de - Yann Arthus-Bertrand Photographie","og_description":"Malgr\u00e9 les efforts men\u00e9s depuis trente ans par les neuf pays riverains de la mer Baltique pour r\u00e9duire sa pollution, l\u2019\u00e9tat de ce bassin presque clos, qui communique faiblement avec la mer du Nord par les d\u00e9troits danois, reste pr\u00e9occupant.","og_url":"https:\/\/www.yannarthusbertrandphoto.com\/fr\/produit\/bois\/","og_site_name":"Yann Arthus-Bertrand","article_publisher":"https:\/\/www.facebook.com\/Y.A.Bertrand\/","article_modified_time":"2018-05-28T16:31:18+00:00","og_image":[{"width":2000,"height":1333,"url":"https:\/\/www.yannarthusbertrandphoto.com\/wp-content\/uploads\/2018\/04\/yab_sude_bois_yann-arthus-bertrand-photographie.jpeg","type":"image\/jpeg"}],"twitter_card":"summary_large_image","twitter_site":"@Yann_A_B","twitter_misc":{"Dur\u00e9e de lecture estim\u00e9e":"1 minute"},"schema":{"@context":"https:\/\/schema.org","@graph":[{"@type":"WebPage","@id":"https:\/\/www.yannarthusbertrandphoto.com\/fr\/produit\/bois\/","url":"https:\/\/www.yannarthusbertrandphoto.com\/fr\/produit\/bois\/","name":"Bois, Su\u00e8de - Yann Arthus-Bertrand Photographie","isPartOf":{"@id":"https:\/\/www.yannarthusbertrandphoto.com\/fr\/#website"},"datePublished":"2018-04-25T18:55:04+00:00","dateModified":"2018-05-28T16:31:18+00:00","description":"Malgr\u00e9 les efforts men\u00e9s depuis trente ans par les neuf pays riverains de la mer Baltique pour r\u00e9duire sa pollution, l\u2019\u00e9tat de ce bassin presque clos, qui communique faiblement avec la mer du Nord par les d\u00e9troits danois, reste pr\u00e9occupant.","breadcrumb":{"@id":"https:\/\/www.yannarthusbertrandphoto.com\/fr\/produit\/bois\/#breadcrumb"},"inLanguage":"fr-FR","potentialAction":[{"@type":"ReadAction","target":["https:\/\/www.yannarthusbertrandphoto.com\/fr\/produit\/bois\/"]}]},{"@type":"BreadcrumbList","@id":"https:\/\/www.yannarthusbertrandphoto.com\/fr\/produit\/bois\/#breadcrumb","itemListElement":[{"@type":"ListItem","position":1,"name":"Accueil","item":"https:\/\/www.yannarthusbertrandphoto.com\/fr\/"},{"@type":"ListItem","position":2,"name":"Shop","item":"https:\/\/www.yannarthusbertrandphoto.com\/fr\/shop\/"},{"@type":"ListItem","position":3,"name":"Bois"}]},{"@type":"WebSite","@id":"https:\/\/www.yannarthusbertrandphoto.com\/fr\/#website","url":"https:\/\/www.yannarthusbertrandphoto.com\/fr\/","name":"Yann Arthus-Bertrand","description":"Site officiel d\u00e9di\u00e9 \u00e0 l\u2019\u0153uvre photographique de Yann Arthus-Bertrand","publisher":{"@id":"https:\/\/www.yannarthusbertrandphoto.com\/fr\/#organization"},"potentialAction":[{"@type":"SearchAction","target":{"@type":"EntryPoint","urlTemplate":"https:\/\/www.yannarthusbertrandphoto.com\/fr\/?s={search_term_string}"},"query-input":"required name=search_term_string"}],"inLanguage":"fr-FR"},{"@type":"Organization","@id":"https:\/\/www.yannarthusbertrandphoto.com\/fr\/#organization","name":"Alfie Be","url":"https:\/\/www.yannarthusbertrandphoto.com\/fr\/","logo":{"@type":"ImageObject","inLanguage":"fr-FR","@id":"https:\/\/www.yannarthusbertrandphoto.com\/fr\/#\/schema\/logo\/image\/","url":"https:\/\/www.yannarthusbertrandphoto.com\/wp-content\/uploads\/2018\/01\/yab_logo_black.svg","contentUrl":"https:\/\/www.yannarthusbertrandphoto.com\/wp-content\/uploads\/2018\/01\/yab_logo_black.svg","caption":"Alfie Be"},"image":{"@id":"https:\/\/www.yannarthusbertrandphoto.com\/fr\/#\/schema\/logo\/image\/"},"sameAs":["https:\/\/www.instagram.com\/yannarthusbertrand\/","https:\/\/www.youtube.com\/user\/yannarthusbertrand","https:\/\/www.facebook.com\/Y.A.Bertrand\/","https:\/\/twitter.com\/Yann_A_B"]}]}},"_links":{"self":[{"href":"https:\/\/www.yannarthusbertrandphoto.com\/fr\/wp-json\/wp\/v2\/product\/13878"}],"collection":[{"href":"https:\/\/www.yannarthusbertrandphoto.com\/fr\/wp-json\/wp\/v2\/product"}],"about":[{"href":"https:\/\/www.yannarthusbertrandphoto.com\/fr\/wp-json\/wp\/v2\/types\/product"}],"wp:featuredmedia":[{"embeddable":true,"href":"https:\/\/www.yannarthusbertrandphoto.com\/fr\/wp-json\/wp\/v2\/media\/13879"}],"wp:attachment":[{"href":"https:\/\/www.yannarthusbertrandphoto.com\/fr\/wp-json\/wp\/v2\/media?parent=13878"}],"wp:term":[{"taxonomy":"product_cat","embeddable":true,"href":"https:\/\/www.yannarthusbertrandphoto.com\/fr\/wp-json\/wp\/v2\/product_cat?post=13878"},{"taxonomy":"product_tag","embeddable":true,"href":"https:\/\/www.yannarthusbertrandphoto.com\/fr\/wp-json\/wp\/v2\/product_tag?post=13878"}],"curies":[{"name":"wp","href":"https:\/\/api.w.org\/{rel}","templated":true}]}}